{"id":1057,"date":"2018-09-06T18:43:45","date_gmt":"2018-09-06T16:43:45","guid":{"rendered":"https:\/\/etf.fr\/?post_type=agence&#038;p=1057"},"modified":"2024-10-02T10:58:40","modified_gmt":"2024-10-02T08:58:40","slug":"agence-grands-projets-transports-urbains","status":"publish","type":"agence","link":"https:\/\/www.etf.fr\/en\/agence\/agence-grands-projets-transports-urbains\/","title":{"rendered":"Agences des Grands Projets Urbains"},"content":{"rendered":"<span>\u00a0<\/span><span><strong>Face aux d\u00e9fis impos\u00e9s par l&#8217;\u00e9volution des changements soci\u00e9taux et climatiques, les villes se r\u00e9inventent pour se tourner vers la mobilit\u00e9 ferroviaire.<\/strong><\/span>\n<div><span>Principal acteur des travaux ferroviaires du G<\/span><span>roupe <\/span>VINCI<span>,\u00a0<\/span><strong>ETF<\/strong><span><strong> se positionne en v\u00e9ritable int\u00e9grateur syst\u00e8me<\/strong> pour mettre \u00e0 disposition de ses clients to<\/span><span><span>ute son expertise et son savoir-faire pour la conception, la gestion et la r\u00e9alisation de leurs projets d&#8217;infrastructures ferroviaires.<\/span><\/span><span style=\"font-size: 1rem\">Le Grand Paris, Bordeaux, Nice, Saint-Etienne&#8230; et bien d&#8217;autres nous font d\u00e9j\u00e0 confiance. <\/span><strong style=\"font-size: 1rem\">Demain, nous continuerons d&#8217;accompagner les m\u00e9tropoles et les villes dans le d\u00e9veloppement leurs transports urbains et suburbains.<\/strong>\n\n<\/div>\n<strong style=\"font-size: 1rem\"><a href=\"https:\/\/www.youtube.com\/watch?v=Fvyi7utmj5Y\" target=\"_blank\" rel=\"noopener\"><img loading=\"lazy\" decoding=\"async\" src=\"https:\/\/www.etf.fr\/wp-content\/uploads\/2018\/09\/Extension-de-la-ligne-A-du-tramway-de-Bordeaux-jusqua-Merignac.png\" alt=\"\" width=\"380\" height=\"214\" class=\"wp-image-54979 alignleft\" style=\"color: #014189;background-color: #bfe6ff\" srcset=\"https:\/\/www.etf.fr\/wp-content\/uploads\/2018\/09\/Extension-de-la-ligne-A-du-tramway-de-Bordeaux-jusqua-Merignac.png 1280w, https:\/\/www.etf.fr\/wp-content\/uploads\/2018\/09\/Extension-de-la-ligne-A-du-tramway-de-Bordeaux-jusqua-Merignac-250x141.png 250w, https:\/\/www.etf.fr\/wp-content\/uploads\/2018\/09\/Extension-de-la-ligne-A-du-tramway-de-Bordeaux-jusqua-Merignac-951x535.png 951w, https:\/\/www.etf.fr\/wp-content\/uploads\/2018\/09\/Extension-de-la-ligne-A-du-tramway-de-Bordeaux-jusqua-Merignac-702x395.png 702w\" sizes=\"auto, (max-width: 380px) 100vw, 380px\" \/><\/a><a href=\"https:\/\/www.youtube.com\/watch?v=xsO2cwsDRDk\" rel=\"attachment noopener wp-att-701893\" target=\"_blank\"><img loading=\"lazy\" decoding=\"async\" src=\"https:\/\/www.etf.fr\/wp-content\/uploads\/2024\/02\/Miniatures-Youtube-Videos-Chantiers-5.png\" alt=\"\" width=\"380\" height=\"214\" class=\"alignleft  wp-image-701893\" srcset=\"https:\/\/www.etf.fr\/wp-content\/uploads\/2024\/02\/Miniatures-Youtube-Videos-Chantiers-5.png 1280w, https:\/\/www.etf.fr\/wp-content\/uploads\/2024\/02\/Miniatures-Youtube-Videos-Chantiers-5-250x141.png 250w, https:\/\/www.etf.fr\/wp-content\/uploads\/2024\/02\/Miniatures-Youtube-Videos-Chantiers-5-951x535.png 951w, https:\/\/www.etf.fr\/wp-content\/uploads\/2024\/02\/Miniatures-Youtube-Videos-Chantiers-5-702x395.png 702w\" sizes=\"auto, (max-width: 380px) 100vw, 380px\" \/><\/a><\/strong>\n<h4><span style=\"color: #ff0000\"><\/span><\/h4>\n<h4><span style=\"color: #ff0000\"><\/span><\/h4>\n<h4><span style=\"color: #ff0000\"><\/span><\/h4>\n<h4><span style=\"color: #ff0000\"><\/span><\/h4>\n<h4><span style=\"color: #ff0000\"><\/span><\/h4>\n<h4><span style=\"color: #ff0000\"><\/span><\/h4>\n<h4><span style=\"color: #ff0000\"><\/span><\/h4>\n<h4><span style=\"color: #ff0000\"><\/span><\/h4>\n\n<hr \/>\n\n<h4><span style=\"color: #ff0000\">Nos\u00a0 vid\u00e9os grands\u00a0 projets<\/span><span style=\"color: #ff0000\"><\/span><\/h4>\n<span style=\"color: #ff0000\"><a href=\"https:\/\/www.youtube.com\/watch?v=HfmHEHRXyE8\" target=\"_blank\" rel=\"noopener\"><img loading=\"lazy\" decoding=\"async\" src=\"https:\/\/www.etf.fr\/wp-content\/uploads\/2018\/09\/Extension-de-la-ligne-A-du-tramway-de-Bordeaux-jusqua-Merignac-2.png\" alt=\"\" width=\"279\" height=\"157\" class=\"alignleft wp-image-55240\" srcset=\"https:\/\/www.etf.fr\/wp-content\/uploads\/2018\/09\/Extension-de-la-ligne-A-du-tramway-de-Bordeaux-jusqua-Merignac-2.png 1280w, https:\/\/www.etf.fr\/wp-content\/uploads\/2018\/09\/Extension-de-la-ligne-A-du-tramway-de-Bordeaux-jusqua-Merignac-2-250x141.png 250w, https:\/\/www.etf.fr\/wp-content\/uploads\/2018\/09\/Extension-de-la-ligne-A-du-tramway-de-Bordeaux-jusqua-Merignac-2-951x535.png 951w, https:\/\/www.etf.fr\/wp-content\/uploads\/2018\/09\/Extension-de-la-ligne-A-du-tramway-de-Bordeaux-jusqua-Merignac-2-702x395.png 702w\" sizes=\"auto, (max-width: 279px) 100vw, 279px\" \/><\/a><a href=\"https:\/\/www.youtube.com\/watch?v=53pR5Ltnq3k\" target=\"_blank\" rel=\"noopener\"><img loading=\"lazy\" decoding=\"async\" src=\"https:\/\/www.etf.fr\/wp-content\/uploads\/2018\/09\/1.png\" alt=\"\" width=\"279\" height=\"157\" class=\"alignleft wp-image-54981\" srcset=\"https:\/\/www.etf.fr\/wp-content\/uploads\/2018\/09\/1.png 1280w, https:\/\/www.etf.fr\/wp-content\/uploads\/2018\/09\/1-250x141.png 250w, https:\/\/www.etf.fr\/wp-content\/uploads\/2018\/09\/1-951x535.png 951w, https:\/\/www.etf.fr\/wp-content\/uploads\/2018\/09\/1-702x395.png 702w\" sizes=\"auto, (max-width: 279px) 100vw, 279px\" \/><\/a> <a href=\"https:\/\/www.youtube.com\/watch?v=OUu71eCdRec\" target=\"_blank\" rel=\"noopener\"><img loading=\"lazy\" decoding=\"async\" src=\"https:\/\/www.etf.fr\/wp-content\/uploads\/2018\/09\/2.png\" alt=\"\" width=\"279\" height=\"157\" class=\"alignleft  wp-image-54983\" srcset=\"https:\/\/www.etf.fr\/wp-content\/uploads\/2018\/09\/2.png 1280w, https:\/\/www.etf.fr\/wp-content\/uploads\/2018\/09\/2-250x141.png 250w, https:\/\/www.etf.fr\/wp-content\/uploads\/2018\/09\/2-951x535.png 951w, https:\/\/www.etf.fr\/wp-content\/uploads\/2018\/09\/2-702x395.png 702w\" sizes=\"auto, (max-width: 279px) 100vw, 279px\" \/><\/a><\/span>\n\n<a href=\"https:\/\/www.youtube.com\/watch?v=Ni6DIm6rOxc\" target=\"_blank\" rel=\"noopener\"><img loading=\"lazy\" decoding=\"async\" src=\"https:\/\/www.etf.fr\/wp-content\/uploads\/2018\/09\/Miniature-Youtube-Veilleurs-de-voie-1.png\" alt=\"\" width=\"279\" height=\"157\" class=\"alignleft size-full wp-image-96302\" srcset=\"https:\/\/www.etf.fr\/wp-content\/uploads\/2018\/09\/Miniature-Youtube-Veilleurs-de-voie-1.png 1280w, https:\/\/www.etf.fr\/wp-content\/uploads\/2018\/09\/Miniature-Youtube-Veilleurs-de-voie-1-250x141.png 250w, https:\/\/www.etf.fr\/wp-content\/uploads\/2018\/09\/Miniature-Youtube-Veilleurs-de-voie-1-951x535.png 951w, https:\/\/www.etf.fr\/wp-content\/uploads\/2018\/09\/Miniature-Youtube-Veilleurs-de-voie-1-702x395.png 702w\" sizes=\"auto, (max-width: 279px) 100vw, 279px\" \/><\/a>\n\n<a href=\"https:\/\/www.youtube.com\/watch?v=R2TEExTbH0Y&amp;t=8s\"><img loading=\"lazy\" decoding=\"async\" src=\"https:\/\/www.etf.fr\/wp-content\/uploads\/2018\/09\/1-Tramway-de-strasbourg-1-250x141.png\" alt=\"\" width=\"279\" height=\"157\" class=\"alignnone wp-image-6510524\" srcset=\"https:\/\/www.etf.fr\/wp-content\/uploads\/2018\/09\/1-Tramway-de-strasbourg-1-250x141.png 250w, https:\/\/www.etf.fr\/wp-content\/uploads\/2018\/09\/1-Tramway-de-strasbourg-1-951x535.png 951w, https:\/\/www.etf.fr\/wp-content\/uploads\/2018\/09\/1-Tramway-de-strasbourg-1-702x395.png 702w, https:\/\/www.etf.fr\/wp-content\/uploads\/2018\/09\/1-Tramway-de-strasbourg-1.png 1280w\" sizes=\"auto, (max-width: 279px) 100vw, 279px\" \/><\/a>","protected":false},"featured_media":0,"template":"","class_list":["post-1057","agence","type-agence","status-publish","hentry","metier-tag-transports-urbain-construction","metier-tag-transport-urbain-maintenance","metier-tag-rechargement-de-rail","metier-tag-cintrage-de-rail","metier-tag-meulage-de-rail","bureau-tag-transport-urbain","bureau-tag-grand-paris"],"acf":[],"yoast_head":"<!-- This site is optimized with the Yoast SEO plugin v27.5 - https:\/\/yoast.com\/product\/yoast-seo-wordpress\/ -->\n<title>Agences des Grands Projets Urbains - ETF<\/title>\n<meta name=\"robots\" content=\"index, follow, max-snippet:-1, max-image-preview:large, max-video-preview:-1\" \/>\n<link rel=\"canonical\" href=\"https:\/\/www.etf.fr\/agence\/agence-grands-projets-transports-urbains\/\" \/>\n<meta property=\"og:locale\" content=\"en_US\" \/>\n<meta property=\"og:type\" content=\"article\" \/>\n<meta property=\"og:title\" content=\"Agences des Grands Projets Urbains - ETF\" \/>\n<meta property=\"og:description\" content=\"\u00a0Face aux d\u00e9fis impos\u00e9s par l&#8217;\u00e9volution des changements soci\u00e9taux et climatiques, les villes se r\u00e9inventent pour se tourner vers la...\" \/>\n<meta property=\"og:url\" content=\"https:\/\/www.etf.fr\/agence\/agence-grands-projets-transports-urbains\/\" \/>\n<meta property=\"og:site_name\" content=\"ETF\" \/>\n<meta property=\"article:modified_time\" content=\"2024-10-02T08:58:40+00:00\" \/>\n<meta property=\"og:image\" content=\"https:\/\/www.etf.fr\/wp-content\/uploads\/2018\/09\/Extension-de-la-ligne-A-du-tramway-de-Bordeaux-jusqua-Merignac.png\" \/>\n<meta name=\"twitter:card\" content=\"summary_large_image\" \/>\n<meta name=\"twitter:label1\" content=\"Est. reading time\" \/>\n\t<meta name=\"twitter:data1\" content=\"2 minutes\" \/>\n<script type=\"application\/ld+json\" class=\"yoast-schema-graph\">{\"@context\":\"https:\\\/\\\/schema.org\",\"@graph\":[{\"@type\":\"WebPage\",\"@id\":\"https:\\\/\\\/www.etf.fr\\\/agence\\\/agence-grands-projets-transports-urbains\\\/\",\"url\":\"https:\\\/\\\/www.etf.fr\\\/agence\\\/agence-grands-projets-transports-urbains\\\/\",\"name\":\"Agences des Grands Projets Urbains - ETF\",\"isPartOf\":{\"@id\":\"https:\\\/\\\/www.etf.fr\\\/#website\"},\"primaryImageOfPage\":{\"@id\":\"https:\\\/\\\/www.etf.fr\\\/agence\\\/agence-grands-projets-transports-urbains\\\/#primaryimage\"},\"image\":{\"@id\":\"https:\\\/\\\/www.etf.fr\\\/agence\\\/agence-grands-projets-transports-urbains\\\/#primaryimage\"},\"thumbnailUrl\":\"https:\\\/\\\/www.etf.fr\\\/wp-content\\\/uploads\\\/2018\\\/09\\\/Extension-de-la-ligne-A-du-tramway-de-Bordeaux-jusqua-Merignac.png\",\"datePublished\":\"2018-09-06T16:43:45+00:00\",\"dateModified\":\"2024-10-02T08:58:40+00:00\",\"breadcrumb\":{\"@id\":\"https:\\\/\\\/www.etf.fr\\\/agence\\\/agence-grands-projets-transports-urbains\\\/#breadcrumb\"},\"inLanguage\":\"en-US\",\"potentialAction\":[{\"@type\":\"ReadAction\",\"target\":[\"https:\\\/\\\/www.etf.fr\\\/agence\\\/agence-grands-projets-transports-urbains\\\/\"]}]},{\"@type\":\"ImageObject\",\"inLanguage\":\"en-US\",\"@id\":\"https:\\\/\\\/www.etf.fr\\\/agence\\\/agence-grands-projets-transports-urbains\\\/#primaryimage\",\"url\":\"https:\\\/\\\/www.etf.fr\\\/wp-content\\\/uploads\\\/2018\\\/09\\\/Extension-de-la-ligne-A-du-tramway-de-Bordeaux-jusqua-Merignac.png\",\"contentUrl\":\"https:\\\/\\\/www.etf.fr\\\/wp-content\\\/uploads\\\/2018\\\/09\\\/Extension-de-la-ligne-A-du-tramway-de-Bordeaux-jusqua-Merignac.png\"},{\"@type\":\"BreadcrumbList\",\"@id\":\"https:\\\/\\\/www.etf.fr\\\/agence\\\/agence-grands-projets-transports-urbains\\\/#breadcrumb\",\"itemListElement\":[{\"@type\":\"ListItem\",\"position\":1,\"name\":\"Accueil\",\"item\":\"https:\\\/\\\/www.etf.fr\\\/en\\\/\"},{\"@type\":\"ListItem\",\"position\":2,\"name\":\"Agences\",\"item\":\"https:\\\/\\\/www.etf.fr\\\/agence\\\/\"},{\"@type\":\"ListItem\",\"position\":3,\"name\":\"Agences des Grands Projets Urbains\"}]},{\"@type\":\"WebSite\",\"@id\":\"https:\\\/\\\/www.etf.fr\\\/#website\",\"url\":\"https:\\\/\\\/www.etf.fr\\\/\",\"name\":\"ETF\",\"description\":\"Your transport partner worldwide\",\"publisher\":{\"@id\":\"https:\\\/\\\/www.etf.fr\\\/#organization\"},\"potentialAction\":[{\"@type\":\"SearchAction\",\"target\":{\"@type\":\"EntryPoint\",\"urlTemplate\":\"https:\\\/\\\/www.etf.fr\\\/?s={search_term_string}\"},\"query-input\":{\"@type\":\"PropertyValueSpecification\",\"valueRequired\":true,\"valueName\":\"search_term_string\"}}],\"inLanguage\":\"en-US\"},{\"@type\":\"Organization\",\"@id\":\"https:\\\/\\\/www.etf.fr\\\/#organization\",\"name\":\"ETF\",\"url\":\"https:\\\/\\\/www.etf.fr\\\/\",\"logo\":{\"@type\":\"ImageObject\",\"inLanguage\":\"en-US\",\"@id\":\"https:\\\/\\\/www.etf.fr\\\/#\\\/schema\\\/logo\\\/image\\\/\",\"url\":\"https:\\\/\\\/www.etf.fr\\\/wp-content\\\/uploads\\\/2019\\\/03\\\/logo-ETF.png\",\"contentUrl\":\"https:\\\/\\\/www.etf.fr\\\/wp-content\\\/uploads\\\/2019\\\/03\\\/logo-ETF.png\",\"width\":272,\"height\":161,\"caption\":\"ETF\"},\"image\":{\"@id\":\"https:\\\/\\\/www.etf.fr\\\/#\\\/schema\\\/logo\\\/image\\\/\"}}]}<\/script>\n<!-- \/ Yoast SEO plugin. -->","yoast_head_json":{"title":"Agences des Grands Projets Urbains - ETF","robots":{"index":"index","follow":"follow","max-snippet":"max-snippet:-1","max-image-preview":"max-image-preview:large","max-video-preview":"max-video-preview:-1"},"canonical":"https:\/\/www.etf.fr\/agence\/agence-grands-projets-transports-urbains\/","og_locale":"en_US","og_type":"article","og_title":"Agences des Grands Projets Urbains - ETF","og_description":"\u00a0Face aux d\u00e9fis impos\u00e9s par l&#8217;\u00e9volution des changements soci\u00e9taux et climatiques, les villes se r\u00e9inventent pour se tourner vers la...","og_url":"https:\/\/www.etf.fr\/agence\/agence-grands-projets-transports-urbains\/","og_site_name":"ETF","article_modified_time":"2024-10-02T08:58:40+00:00","og_image":[{"url":"https:\/\/www.etf.fr\/wp-content\/uploads\/2018\/09\/Extension-de-la-ligne-A-du-tramway-de-Bordeaux-jusqua-Merignac.png","type":"","width":"","height":""}],"twitter_card":"summary_large_image","twitter_misc":{"Est. reading time":"2 minutes"},"schema":{"@context":"https:\/\/schema.org","@graph":[{"@type":"WebPage","@id":"https:\/\/www.etf.fr\/agence\/agence-grands-projets-transports-urbains\/","url":"https:\/\/www.etf.fr\/agence\/agence-grands-projets-transports-urbains\/","name":"Agences des Grands Projets Urbains - ETF","isPartOf":{"@id":"https:\/\/www.etf.fr\/#website"},"primaryImageOfPage":{"@id":"https:\/\/www.etf.fr\/agence\/agence-grands-projets-transports-urbains\/#primaryimage"},"image":{"@id":"https:\/\/www.etf.fr\/agence\/agence-grands-projets-transports-urbains\/#primaryimage"},"thumbnailUrl":"https:\/\/www.etf.fr\/wp-content\/uploads\/2018\/09\/Extension-de-la-ligne-A-du-tramway-de-Bordeaux-jusqua-Merignac.png","datePublished":"2018-09-06T16:43:45+00:00","dateModified":"2024-10-02T08:58:40+00:00","breadcrumb":{"@id":"https:\/\/www.etf.fr\/agence\/agence-grands-projets-transports-urbains\/#breadcrumb"},"inLanguage":"en-US","potentialAction":[{"@type":"ReadAction","target":["https:\/\/www.etf.fr\/agence\/agence-grands-projets-transports-urbains\/"]}]},{"@type":"ImageObject","inLanguage":"en-US","@id":"https:\/\/www.etf.fr\/agence\/agence-grands-projets-transports-urbains\/#primaryimage","url":"https:\/\/www.etf.fr\/wp-content\/uploads\/2018\/09\/Extension-de-la-ligne-A-du-tramway-de-Bordeaux-jusqua-Merignac.png","contentUrl":"https:\/\/www.etf.fr\/wp-content\/uploads\/2018\/09\/Extension-de-la-ligne-A-du-tramway-de-Bordeaux-jusqua-Merignac.png"},{"@type":"BreadcrumbList","@id":"https:\/\/www.etf.fr\/agence\/agence-grands-projets-transports-urbains\/#breadcrumb","itemListElement":[{"@type":"ListItem","position":1,"name":"Accueil","item":"https:\/\/www.etf.fr\/en\/"},{"@type":"ListItem","position":2,"name":"Agences","item":"https:\/\/www.etf.fr\/agence\/"},{"@type":"ListItem","position":3,"name":"Agences des Grands Projets Urbains"}]},{"@type":"WebSite","@id":"https:\/\/www.etf.fr\/#website","url":"https:\/\/www.etf.fr\/","name":"ETF","description":"Your transport partner worldwide","publisher":{"@id":"https:\/\/www.etf.fr\/#organization"},"potentialAction":[{"@type":"SearchAction","target":{"@type":"EntryPoint","urlTemplate":"https:\/\/www.etf.fr\/?s={search_term_string}"},"query-input":{"@type":"PropertyValueSpecification","valueRequired":true,"valueName":"search_term_string"}}],"inLanguage":"en-US"},{"@type":"Organization","@id":"https:\/\/www.etf.fr\/#organization","name":"ETF","url":"https:\/\/www.etf.fr\/","logo":{"@type":"ImageObject","inLanguage":"en-US","@id":"https:\/\/www.etf.fr\/#\/schema\/logo\/image\/","url":"https:\/\/www.etf.fr\/wp-content\/uploads\/2019\/03\/logo-ETF.png","contentUrl":"https:\/\/www.etf.fr\/wp-content\/uploads\/2019\/03\/logo-ETF.png","width":272,"height":161,"caption":"ETF"},"image":{"@id":"https:\/\/www.etf.fr\/#\/schema\/logo\/image\/"}}]}},"_links":{"self":[{"href":"https:\/\/www.etf.fr\/en\/wp-json\/wp\/v2\/agence\/1057","targetHints":{"allow":["GET"]}}],"collection":[{"href":"https:\/\/www.etf.fr\/en\/wp-json\/wp\/v2\/agence"}],"about":[{"href":"https:\/\/www.etf.fr\/en\/wp-json\/wp\/v2\/types\/agence"}],"wp:attachment":[{"href":"https:\/\/www.etf.fr\/en\/wp-json\/wp\/v2\/media?parent=1057"}],"curies":[{"name":"wp","href":"https:\/\/api.w.org\/{rel}","templated":true}]}}