{"id":1323,"date":"2018-10-16T11:53:36","date_gmt":"2018-10-16T09:53:36","guid":{"rendered":"https:\/\/etf.fr\/?post_type=agence&#038;p=1323"},"modified":"2025-02-27T11:11:24","modified_gmt":"2025-02-27T10:11:24","slug":"agence-centre-idf","status":"publish","type":"agence","link":"https:\/\/www.etf.fr\/en\/agence\/agence-centre-idf\/","title":{"rendered":"Agence \u00cele-de-France"},"content":{"rendered":"\n<p>Notre agence est un acteur majeur des travaux de voies sur les diff\u00e9rents r\u00e9seaux d<strong>\u2019\u00cele-de-France.<\/strong> Reconnue pour son expertise et son excellence op\u00e9rationnelle, elle se distingue par son engagement sur des chantiers complexes et strat\u00e9giques, <strong>en plein c\u0153ur de la ville<\/strong>.<\/p>\n\n\n\n<p><\/p>\n\n\n\n<p>Qu\u2019il s\u2019agisse de la <strong>pose de tabliers en zone exploit\u00e9e, de la modernisation de gares de tramway ou d\u2019interventions en tunnel pour la r\u00e9g\u00e9n\u00e9ration des voies,<\/strong> nos \u00e9quipes, mobilis\u00e9es jour et nuit, \u0153uvrent \u00e0 la fiabilit\u00e9 et \u00e0 la p\u00e9rennit\u00e9 des infrastructures ferroviaires.<\/p>\n\n\n\n<p><\/p>\n\n\n\n<p><strong>R\u00e9f\u00e9rent en maintenance patrimoniale et en r\u00e9g\u00e9n\u00e9ration lourde<\/strong>, ETF est un partenaire de confiance pour la RATP, contribuant \u00e0 la modernisation et \u00e0 performance &nbsp;du r\u00e9seau ferroviaire francilien.<\/p>\n\n\n\n<h3 class=\"wp-block-heading\">R\u00e9f\u00e9rences :<\/h3>\n\n\n\n<h4 class=\"wp-block-heading\">R\u00e9seau national :<\/h4>\n\n\n\n<ul class=\"wp-block-list\">\n<li>Renouvellement d\u2019appareils de voies, R\u00e9seau RFN : Valenton, Villeneuve-Saint-Georges, Mantes-la-Jolie, La Garenne-Colombes \u00c9p\u00f4ne et Paris Saint-Lazare<\/li>\n\n\n\n<li>Renouvellement d\u2019appareils de voies, R\u00e9seau RATP : La Varenne-Chennevi\u00e8res, Saint Germain-en-Laye, Nanterre-Pr\u00e9fecture &gt;Renouvellement de voie : gare de Conflans-Fin-d\u2019Oise (RER A), Mantes-la-Jolie, Ligne la Fert\u00e9-Milon, Vincennes (RER A), Rueil-Malmaison (RER A)<\/li>\n\n\n\n<li>R\u00e9g\u00e9n\u00e9ration patrimoniale lourde sur toutes les lignes de m\u00e9tro parisiennes<\/li>\n\n\n\n<li>R\u00e9g\u00e9n\u00e9ration patrimoniale lourde sur toutes les lignes de tramway en Ile-de-France<\/li>\n\n\n\n<li>Travaux de voies li\u00e9s au remplacement d\u2019ouvrage d\u2019art : d\u00e9viation de la RD981 Trie-Ch\u00e2teau et pont du Havre \u00e0 Saint-Denis &gt;March\u00e9s sur ordre : r\u00e9gions Paris Rive Gauche, Paris Saint-Lazare et Paris Nord, LGV Nord Europe<\/li>\n\n\n\n<li>Projets d\u2019investissement : tangentielle l\u00e9g\u00e8re Nord et technicentre de Levallois<\/li>\n<\/ul>\n\n\n\n<div style=\"height:14px\" aria-hidden=\"true\" class=\"wp-block-spacer\"><\/div>\n\n\n\n<h4 class=\"wp-block-heading\">Installations terminales embranch\u00e9es :<\/h4>\n\n\n\n<ul class=\"wp-block-list\">\n<li>Port de Paris : Bonneuil-sur-Marne, Limay, Gennevilliers.<\/li>\n\n\n\n<li><span style=\"font-size: 1rem\">Electrolux, Calcia, Holcim, Renault, Total\u2026<\/span><\/li>\n\n\n\n<li>EDF Porcheville<\/li>\n\n\n\n<li>Service essence des arm\u00e9es<\/li>\n<\/ul>\n\n\n\n<div style=\"height:14px\" aria-hidden=\"true\" class=\"wp-block-spacer\"><\/div>\n\n\n\n<h3 class=\"wp-block-heading\"><strong>L&#8217;agence \u00cele-de-France en vid\u00e9os :<\/strong><\/h3>\n\n\n<div class=\"wp-block-image\">\n<figure class=\"alignleft size-thumbnail\"><a href=\"https:\/\/youtu.be\/f5RRrxprhFY?si=Mh6UMOUNn9DtRk4B\"><img loading=\"lazy\" decoding=\"async\" width=\"275\" height=\"150\" src=\"https:\/\/www.etf.fr\/wp-content\/uploads\/2018\/10\/RAVI-Ailly-Sur-Noye-1-275x150.png\" alt=\"\" class=\"wp-image-9538318\" \/><\/a><\/figure>\n<\/div>\n\n<div class=\"wp-block-image\">\n<figure class=\"alignleft size-thumbnail\"><a href=\"https:\/\/youtu.be\/4Ay6eLLUZfw?si=vEs0mGQE7XKlgmwA\"><img loading=\"lazy\" decoding=\"async\" width=\"275\" height=\"150\" src=\"https:\/\/www.etf.fr\/wp-content\/uploads\/2018\/10\/rav-rueil-275x150.png\" alt=\"\" class=\"wp-image-4545729\" \/><\/a><\/figure>\n<\/div>\n\n<div class=\"wp-block-image\">\n<figure class=\"alignleft size-thumbnail\"><a href=\"https:\/\/youtu.be\/S8MKnnTlly4?si=VVnZYg9ln2MocOMu\"><img loading=\"lazy\" decoding=\"async\" width=\"275\" height=\"150\" src=\"https:\/\/www.etf.fr\/wp-content\/uploads\/2018\/10\/OCP-Mureaux-1-275x150.png\" alt=\"\" class=\"wp-image-6061991\" \/><\/a><\/figure>\n<\/div>\n\n<div class=\"wp-block-image\">\n<figure class=\"alignleft\"><a href=\"https:\/\/www.youtube.com\/watch?v=82BJEjt8vYY\"><img loading=\"lazy\" decoding=\"async\" width=\"275\" height=\"150\" src=\"https:\/\/www.etf.fr\/wp-content\/uploads\/2018\/10\/Ligne-4-275x150.png\" alt=\"\" class=\"wp-image-115689\" \/><\/a><\/figure>\n<\/div>\n\n<div class=\"wp-block-image\">\n<figure class=\"alignleft\"><a href=\"https:\/\/www.youtube.com\/watch?v=UiA5d-X5Qd0\"><img loading=\"lazy\" decoding=\"async\" width=\"275\" height=\"150\" src=\"https:\/\/www.etf.fr\/wp-content\/uploads\/2018\/10\/T3A-REFECTION-275x150.png\" alt=\"\" class=\"wp-image-115695\" \/><\/a><\/figure>\n<\/div>\n\n<div class=\"wp-block-image\">\n<figure class=\"alignleft\"><a href=\"https:\/\/www.youtube.com\/watch?v=mI93SgV-zHs\"><img loading=\"lazy\" decoding=\"async\" width=\"275\" height=\"150\" src=\"https:\/\/www.etf.fr\/wp-content\/uploads\/2018\/10\/12-275x150.jpg\" alt=\"\" class=\"wp-image-115698\" \/><\/a><\/figure>\n<\/div>\n\n\n<p><a href=\"https:\/\/www.youtube.com\/watch?v=mI93SgV-zHs\"><strong><\/strong><\/a><strong><\/strong><\/p>\n\n\n<div class=\"wp-block-image\">\n<figure class=\"alignleft\"><a href=\"https:\/\/www.youtube.com\/watch?v=2OC3MojfjuM\"><img loading=\"lazy\" decoding=\"async\" width=\"275\" height=\"150\" src=\"https:\/\/www.etf.fr\/wp-content\/uploads\/2018\/10\/Ligne-6-275x150.png\" alt=\"\" class=\"wp-image-115691\" \/><\/a><\/figure>\n<\/div>\n\n\n<p><strong> <\/strong><\/p>\n\n\n<div class=\"wp-block-image\">\n<figure class=\"alignleft\"><a href=\"https:\/\/www.youtube.com\/watch?v=9clyun5k4Ic\"><img loading=\"lazy\" decoding=\"async\" width=\"275\" height=\"150\" src=\"https:\/\/www.etf.fr\/wp-content\/uploads\/2018\/10\/Miniatures-Youtube-Videos-Chantiers-9-275x150.png\" alt=\"\" class=\"wp-image-96526\" \/><\/a><\/figure>\n<\/div>\n\n<div class=\"wp-block-image\">\n<figure class=\"alignleft\"><a href=\"https:\/\/www.youtube.com\/watch?v=kp-gSobyR5Y\" target=\"_blank\" rel=\"noopener\"><img loading=\"lazy\" decoding=\"async\" width=\"275\" height=\"150\" src=\"https:\/\/www.etf.fr\/wp-content\/uploads\/2018\/10\/Miniatures-Youtube-Videos-Chantiers-8-275x150.png\" alt=\"\" class=\"wp-image-96528\" \/><\/a><\/figure>\n<\/div>\n\n<div class=\"wp-block-image\">\n<figure class=\"alignleft\"><a href=\"https:\/\/www.youtube.com\/watch?v=F2chz0QBXw0\"><img loading=\"lazy\" decoding=\"async\" width=\"275\" height=\"150\" src=\"https:\/\/www.etf.fr\/wp-content\/uploads\/2018\/10\/Ligne-7-275x150.png\" alt=\"\" class=\"wp-image-115693\" \/><\/a><\/figure>\n<\/div>\n\n<div class=\"wp-block-image\">\n<figure class=\"alignleft\"><a href=\"https:\/\/www.youtube.com\/watch?v=jcL2dCT3Oug\" target=\"_blank\" rel=\"noopener\"><img loading=\"lazy\" decoding=\"async\" width=\"275\" height=\"150\" src=\"https:\/\/www.etf.fr\/wp-content\/uploads\/2018\/10\/Miniatures-Youtube-Videos-Chantiers-11-275x150.png\" alt=\"\" class=\"wp-image-96530\" \/><\/a><\/figure>\n<\/div>\n\n\n<p><a href=\"https:\/\/www.youtube.com\/watch?v=9clyun5k4Ic\" target=\"_blank\" rel=\"noopener\"><strong><\/strong><\/a><strong><a href=\"https:\/\/www.youtube.com\/watch?v=kp-gSobyR5Y\" target=\"_blank\" rel=\"noopener\"><\/a><\/strong><\/p>\n\n\n<div class=\"wp-block-image\">\n<figure class=\"alignleft\"><a href=\"https:\/\/www.youtube.com\/watch?v=h06KoI0zZ7Q\" target=\"_blank\" rel=\"noopener noreferrer\"><img loading=\"lazy\" decoding=\"async\" width=\"275\" height=\"150\" src=\"https:\/\/www.etf.fr\/wp-content\/uploads\/2018\/10\/Miniatures-Youtube-Videos-Chantiers-4-275x150.png\" alt=\"\" class=\"wp-image-55547\" \/><\/a><\/figure>\n<\/div>\n\n<div class=\"wp-block-image\">\n<figure class=\"alignleft size-thumbnail is-resized\"><a href=\"https:\/\/youtu.be\/pn9QTU4Jz1I?si=GnOrBrdiSSfbn0_k\" target=\"_blank\" rel=\"noopener noreferrer\"><img loading=\"lazy\" decoding=\"async\" width=\"275\" height=\"150\" src=\"https:\/\/www.etf.fr\/wp-content\/uploads\/2018\/10\/7-275x150.png\" alt=\"\" class=\"wp-image-10255\" style=\"width:275px;height:auto\" \/><\/a><\/figure>\n<\/div>\n\n<div class=\"wp-block-image\">\n<figure class=\"alignleft size-thumbnail is-resized\"><a href=\"https:\/\/youtu.be\/b6M3Nn3LK7Y?si=_pW-TDpqx7-hViWg\" target=\"_blank\" rel=\"noopener noreferrer\"><img loading=\"lazy\" decoding=\"async\" width=\"275\" height=\"150\" src=\"https:\/\/www.etf.fr\/wp-content\/uploads\/2018\/10\/Miniatures-Youtube-Videos-Chantiers-12-275x150.png\" alt=\"\" class=\"wp-image-96532\" style=\"width:275px;height:auto\" \/><\/a><\/figure>\n<\/div>\n\n<div class=\"wp-block-image\">\n<figure class=\"alignleft size-thumbnail is-resized\"><a href=\"https:\/\/youtu.be\/o50LkvrhYF0?si=9Me90bBRS_nrFkYz\" target=\"_blank\" rel=\"noopener noreferrer\"><img loading=\"lazy\" decoding=\"async\" width=\"275\" height=\"150\" src=\"https:\/\/www.etf.fr\/wp-content\/uploads\/2018\/10\/Miniatures-Youtube-Videos-Chantiers-7-275x150.png\" alt=\"\" class=\"wp-image-55543\" style=\"width:275px;height:auto\" \/><\/a><\/figure>\n<\/div>\n\n\n<p><\/p>\n\n\n\n<p><strong><strong style=\"font-size: 1rem\"><\/strong><\/strong><strong><\/strong><\/p>\n\n\n\n<h3 class=\"wp-block-heading\"><strong style=\"font-size: 1rem\"><\/strong><\/h3>\n\n\n\n<h3 class=\"wp-block-heading\"><strong style=\"font-size: 1rem\"><br><\/strong><\/h3>\n","protected":false},"featured_media":0,"template":"","class_list":["post-1323","agence","type-agence","status-publish","hentry","metier-tag-transport-urbain-maintenance","metier-tag-voies-rfn-construction","metier-tag-voies-rfn-maintenance","metier-tag-reseaux-ferres-prives","bureau-tag-ratp"],"acf":[],"yoast_head":"<!-- This site is optimized with the Yoast SEO plugin v27.5 - https:\/\/yoast.com\/product\/yoast-seo-wordpress\/ -->\n<title>Agence \u00cele-de-France - ETF<\/title>\n<meta name=\"robots\" content=\"index, follow, max-snippet:-1, max-image-preview:large, max-video-preview:-1\" \/>\n<link rel=\"canonical\" href=\"https:\/\/www.etf.fr\/agence\/agence-centre-idf\/\" \/>\n<meta property=\"og:locale\" content=\"en_US\" \/>\n<meta property=\"og:type\" content=\"article\" \/>\n<meta property=\"og:title\" content=\"Agence \u00cele-de-France - ETF\" \/>\n<meta property=\"og:description\" content=\"Notre agence est un acteur majeur des travaux de voies sur les diff\u00e9rents r\u00e9seaux d\u2019\u00cele-de-France. Reconnue pour son expertise et...\" \/>\n<meta property=\"og:url\" content=\"https:\/\/www.etf.fr\/agence\/agence-centre-idf\/\" \/>\n<meta property=\"og:site_name\" content=\"ETF\" \/>\n<meta property=\"article:modified_time\" content=\"2025-02-27T10:11:24+00:00\" \/>\n<meta property=\"og:image\" content=\"https:\/\/www.etf.fr\/wp-content\/uploads\/2018\/10\/RAVI-Ailly-Sur-Noye-1.png\" \/>\n\t<meta property=\"og:image:width\" content=\"1280\" \/>\n\t<meta property=\"og:image:height\" content=\"720\" \/>\n\t<meta property=\"og:image:type\" content=\"image\/png\" \/>\n<meta name=\"twitter:card\" content=\"summary_large_image\" \/>\n<meta name=\"twitter:label1\" content=\"Est. reading time\" \/>\n\t<meta name=\"twitter:data1\" content=\"5 minutes\" \/>\n<script type=\"application\/ld+json\" class=\"yoast-schema-graph\">{\"@context\":\"https:\\\/\\\/schema.org\",\"@graph\":[{\"@type\":\"WebPage\",\"@id\":\"https:\\\/\\\/www.etf.fr\\\/agence\\\/agence-centre-idf\\\/\",\"url\":\"https:\\\/\\\/www.etf.fr\\\/agence\\\/agence-centre-idf\\\/\",\"name\":\"Agence \u00cele-de-France - ETF\",\"isPartOf\":{\"@id\":\"https:\\\/\\\/www.etf.fr\\\/#website\"},\"primaryImageOfPage\":{\"@id\":\"https:\\\/\\\/www.etf.fr\\\/agence\\\/agence-centre-idf\\\/#primaryimage\"},\"image\":{\"@id\":\"https:\\\/\\\/www.etf.fr\\\/agence\\\/agence-centre-idf\\\/#primaryimage\"},\"thumbnailUrl\":\"https:\\\/\\\/www.etf.fr\\\/wp-content\\\/uploads\\\/2018\\\/10\\\/RAVI-Ailly-Sur-Noye-1-275x150.png\",\"datePublished\":\"2018-10-16T09:53:36+00:00\",\"dateModified\":\"2025-02-27T10:11:24+00:00\",\"breadcrumb\":{\"@id\":\"https:\\\/\\\/www.etf.fr\\\/agence\\\/agence-centre-idf\\\/#breadcrumb\"},\"inLanguage\":\"en-US\",\"potentialAction\":[{\"@type\":\"ReadAction\",\"target\":[\"https:\\\/\\\/www.etf.fr\\\/agence\\\/agence-centre-idf\\\/\"]}]},{\"@type\":\"ImageObject\",\"inLanguage\":\"en-US\",\"@id\":\"https:\\\/\\\/www.etf.fr\\\/agence\\\/agence-centre-idf\\\/#primaryimage\",\"url\":\"https:\\\/\\\/www.etf.fr\\\/wp-content\\\/uploads\\\/2018\\\/10\\\/RAVI-Ailly-Sur-Noye-1-275x150.png\",\"contentUrl\":\"https:\\\/\\\/www.etf.fr\\\/wp-content\\\/uploads\\\/2018\\\/10\\\/RAVI-Ailly-Sur-Noye-1-275x150.png\"},{\"@type\":\"BreadcrumbList\",\"@id\":\"https:\\\/\\\/www.etf.fr\\\/agence\\\/agence-centre-idf\\\/#breadcrumb\",\"itemListElement\":[{\"@type\":\"ListItem\",\"position\":1,\"name\":\"Accueil\",\"item\":\"https:\\\/\\\/www.etf.fr\\\/en\\\/\"},{\"@type\":\"ListItem\",\"position\":2,\"name\":\"Agences\",\"item\":\"https:\\\/\\\/www.etf.fr\\\/agence\\\/\"},{\"@type\":\"ListItem\",\"position\":3,\"name\":\"Agence \u00cele-de-France\"}]},{\"@type\":\"WebSite\",\"@id\":\"https:\\\/\\\/www.etf.fr\\\/#website\",\"url\":\"https:\\\/\\\/www.etf.fr\\\/\",\"name\":\"ETF\",\"description\":\"Your transport partner worldwide\",\"publisher\":{\"@id\":\"https:\\\/\\\/www.etf.fr\\\/#organization\"},\"potentialAction\":[{\"@type\":\"SearchAction\",\"target\":{\"@type\":\"EntryPoint\",\"urlTemplate\":\"https:\\\/\\\/www.etf.fr\\\/?s={search_term_string}\"},\"query-input\":{\"@type\":\"PropertyValueSpecification\",\"valueRequired\":true,\"valueName\":\"search_term_string\"}}],\"inLanguage\":\"en-US\"},{\"@type\":\"Organization\",\"@id\":\"https:\\\/\\\/www.etf.fr\\\/#organization\",\"name\":\"ETF\",\"url\":\"https:\\\/\\\/www.etf.fr\\\/\",\"logo\":{\"@type\":\"ImageObject\",\"inLanguage\":\"en-US\",\"@id\":\"https:\\\/\\\/www.etf.fr\\\/#\\\/schema\\\/logo\\\/image\\\/\",\"url\":\"https:\\\/\\\/www.etf.fr\\\/wp-content\\\/uploads\\\/2019\\\/03\\\/logo-ETF.png\",\"contentUrl\":\"https:\\\/\\\/www.etf.fr\\\/wp-content\\\/uploads\\\/2019\\\/03\\\/logo-ETF.png\",\"width\":272,\"height\":161,\"caption\":\"ETF\"},\"image\":{\"@id\":\"https:\\\/\\\/www.etf.fr\\\/#\\\/schema\\\/logo\\\/image\\\/\"}}]}<\/script>\n<!-- \/ Yoast SEO plugin. -->","yoast_head_json":{"title":"Agence \u00cele-de-France - ETF","robots":{"index":"index","follow":"follow","max-snippet":"max-snippet:-1","max-image-preview":"max-image-preview:large","max-video-preview":"max-video-preview:-1"},"canonical":"https:\/\/www.etf.fr\/agence\/agence-centre-idf\/","og_locale":"en_US","og_type":"article","og_title":"Agence \u00cele-de-France - ETF","og_description":"Notre agence est un acteur majeur des travaux de voies sur les diff\u00e9rents r\u00e9seaux d\u2019\u00cele-de-France. Reconnue pour son expertise et...","og_url":"https:\/\/www.etf.fr\/agence\/agence-centre-idf\/","og_site_name":"ETF","article_modified_time":"2025-02-27T10:11:24+00:00","og_image":[{"width":1280,"height":720,"url":"https:\/\/www.etf.fr\/wp-content\/uploads\/2018\/10\/RAVI-Ailly-Sur-Noye-1.png","type":"image\/png"}],"twitter_card":"summary_large_image","twitter_misc":{"Est. reading time":"5 minutes"},"schema":{"@context":"https:\/\/schema.org","@graph":[{"@type":"WebPage","@id":"https:\/\/www.etf.fr\/agence\/agence-centre-idf\/","url":"https:\/\/www.etf.fr\/agence\/agence-centre-idf\/","name":"Agence \u00cele-de-France - ETF","isPartOf":{"@id":"https:\/\/www.etf.fr\/#website"},"primaryImageOfPage":{"@id":"https:\/\/www.etf.fr\/agence\/agence-centre-idf\/#primaryimage"},"image":{"@id":"https:\/\/www.etf.fr\/agence\/agence-centre-idf\/#primaryimage"},"thumbnailUrl":"https:\/\/www.etf.fr\/wp-content\/uploads\/2018\/10\/RAVI-Ailly-Sur-Noye-1-275x150.png","datePublished":"2018-10-16T09:53:36+00:00","dateModified":"2025-02-27T10:11:24+00:00","breadcrumb":{"@id":"https:\/\/www.etf.fr\/agence\/agence-centre-idf\/#breadcrumb"},"inLanguage":"en-US","potentialAction":[{"@type":"ReadAction","target":["https:\/\/www.etf.fr\/agence\/agence-centre-idf\/"]}]},{"@type":"ImageObject","inLanguage":"en-US","@id":"https:\/\/www.etf.fr\/agence\/agence-centre-idf\/#primaryimage","url":"https:\/\/www.etf.fr\/wp-content\/uploads\/2018\/10\/RAVI-Ailly-Sur-Noye-1-275x150.png","contentUrl":"https:\/\/www.etf.fr\/wp-content\/uploads\/2018\/10\/RAVI-Ailly-Sur-Noye-1-275x150.png"},{"@type":"BreadcrumbList","@id":"https:\/\/www.etf.fr\/agence\/agence-centre-idf\/#breadcrumb","itemListElement":[{"@type":"ListItem","position":1,"name":"Accueil","item":"https:\/\/www.etf.fr\/en\/"},{"@type":"ListItem","position":2,"name":"Agences","item":"https:\/\/www.etf.fr\/agence\/"},{"@type":"ListItem","position":3,"name":"Agence \u00cele-de-France"}]},{"@type":"WebSite","@id":"https:\/\/www.etf.fr\/#website","url":"https:\/\/www.etf.fr\/","name":"ETF","description":"Your transport partner worldwide","publisher":{"@id":"https:\/\/www.etf.fr\/#organization"},"potentialAction":[{"@type":"SearchAction","target":{"@type":"EntryPoint","urlTemplate":"https:\/\/www.etf.fr\/?s={search_term_string}"},"query-input":{"@type":"PropertyValueSpecification","valueRequired":true,"valueName":"search_term_string"}}],"inLanguage":"en-US"},{"@type":"Organization","@id":"https:\/\/www.etf.fr\/#organization","name":"ETF","url":"https:\/\/www.etf.fr\/","logo":{"@type":"ImageObject","inLanguage":"en-US","@id":"https:\/\/www.etf.fr\/#\/schema\/logo\/image\/","url":"https:\/\/www.etf.fr\/wp-content\/uploads\/2019\/03\/logo-ETF.png","contentUrl":"https:\/\/www.etf.fr\/wp-content\/uploads\/2019\/03\/logo-ETF.png","width":272,"height":161,"caption":"ETF"},"image":{"@id":"https:\/\/www.etf.fr\/#\/schema\/logo\/image\/"}}]}},"_links":{"self":[{"href":"https:\/\/www.etf.fr\/en\/wp-json\/wp\/v2\/agence\/1323","targetHints":{"allow":["GET"]}}],"collection":[{"href":"https:\/\/www.etf.fr\/en\/wp-json\/wp\/v2\/agence"}],"about":[{"href":"https:\/\/www.etf.fr\/en\/wp-json\/wp\/v2\/types\/agence"}],"wp:attachment":[{"href":"https:\/\/www.etf.fr\/en\/wp-json\/wp\/v2\/media?parent=1323"}],"curies":[{"name":"wp","href":"https:\/\/api.w.org\/{rel}","templated":true}]}}