{"id":1338,"date":"2018-10-16T16:11:43","date_gmt":"2018-10-16T14:11:43","guid":{"rendered":"https:\/\/etf.fr\/?post_type=agence&#038;p=1338"},"modified":"2025-03-27T10:26:10","modified_gmt":"2025-03-27T09:26:10","slug":"agence-travaux-mecanises-france","status":"publish","type":"agence","link":"https:\/\/www.etf.fr\/en\/agence\/agence-travaux-mecanises-france\/","title":{"rendered":"Agence Travaux M\u00e9canis\u00e9s France"},"content":{"rendered":"<p class=\"x_xmsonormal\" data-olk-copy-source=\"MessageBody\">Notre agence est bas\u00e9e \u00e0 <strong>Beauchamp (95)<\/strong> et dispose d&#8217;une <strong>antenne en r\u00e9gion Est (Hauconcourt)<\/strong>. Elle g\u00e8re l&#8217;ensemble du <strong>mat\u00e9riel ferroviaire lourd<\/strong> de la Direction des Activit\u00e9s R\u00e9gionales et Sp\u00e9cialis\u00e9es Nord, assurant sa <strong>maintenance, les acheminements et les mises \u00e0 disposition<\/strong> de ce type de mat\u00e9riel sur les chantiers des diff\u00e9rentes agences locales d&#8217;ETF.<\/p>\n<p class=\"x_xmsonormal\">Nous r\u00e9alisons aussi bien des travaux de Remplacement d&#8217;Appareil de Voies &#8211; Remplacement Voies Ballast (<span data-olk-copy-source=\"MessageBody\">RAV-RVB) <\/span>que du bourrage d\u2019entretien MSO sur SNCF et RATP.<\/p>\n<p class=\"x_xmsonormal\">Elle regroupe pr\u00e8s de <strong>40 personnes<\/strong> (chefs de machines, op\u00e9rateurs, techniciens de maintenance).<\/p>\n\n<h4 class=\"x_xmsonormal\" data-olk-copy-source=\"MessageBody\">Notre parc est notamment constitu\u00e9 de :<\/h4>\n<ul type=\"disc\">\n \t<li class=\"x_xmsolistparagraph\">17 locomotives Diesel de type V211, BB60000 ou BB61000 (G1206)\u00a0;<\/li>\n \t<li class=\"x_xmsolistparagraph\">8 bourreuses d&#8217;appareils\u00a0;<\/li>\n \t<li class=\"x_xmsolistparagraph\">1 bourreuse de ligne\u00a0;<\/li>\n \t<li class=\"x_xmsolistparagraph\">3 r\u00e9galeuses m\u00e9caniques\u00a0;<\/li>\n \t<li class=\"x_xmsolistparagraph\">2 stabilisateurs dynamiques\u00a0;<\/li>\n \t<li class=\"x_xmsolistparagraph\">1 Bi-Grue\u00a0;<\/li>\n \t<li class=\"x_xmsolistparagraph\">18 ensembles PEM-LEM\u00a0;<\/li>\n \t<li class=\"x_xmsolistparagraph\">4 portiques PWP\u00a0;<\/li>\n \t<li class=\"x_xmsolistparagraph\">Un ensemble SPAC-S2PV.<\/li>\n<\/ul>\n<p class=\"x_xmsonormal\" data-olk-copy-source=\"MessageBody\">Notre agence a mis \u00e0 <strong>disposition le mat\u00e9riel ferroviaire lourd sur les diff\u00e9rents chantiers du march\u00e9 VIGIRAIL<\/strong> 2017 op\u00e9r\u00e9s par ETF et La Champenoise, ces entit\u00e9s s&#8217;effor\u00e7ant de r\u00e9aliser leurs op\u00e9rations \u00e0 <strong>100% avec du mat\u00e9riel g\u00e9r\u00e9 et entretenu par ETF.<\/strong><\/p>\n<p class=\"x_xmsonormal\">Nous disposons des <strong>installations de maintenance<\/strong> du site ETF de Beauchamp (95) pour <strong>assurer l&#8217;entretien de ses machines.<\/strong><\/p>\n\n<h3>L&#8217;agence Travaux M\u00e9canis\u00e9s en vid\u00e9o :<\/h3>\n<h3><a href=\"https:\/\/www.youtube.com\/watch?v=4Ay6eLLUZfw\"> <\/a><a href=\"https:\/\/www.youtube.com\/watch?v=4Ay6eLLUZfw\"><img loading=\"lazy\" decoding=\"async\" src=\"https:\/\/www.etf.fr\/wp-content\/uploads\/2018\/10\/rav-rueil-250x141.png\" alt=\"\" width=\"267\" height=\"150\" class=\"alignnone wp-image-4545729\" srcset=\"https:\/\/www.etf.fr\/wp-content\/uploads\/2018\/10\/rav-rueil-250x141.png 250w, https:\/\/www.etf.fr\/wp-content\/uploads\/2018\/10\/rav-rueil-951x535.png 951w, https:\/\/www.etf.fr\/wp-content\/uploads\/2018\/10\/rav-rueil-702x395.png 702w, https:\/\/www.etf.fr\/wp-content\/uploads\/2018\/10\/rav-rueil.png 1280w\" sizes=\"auto, (max-width: 267px) 100vw, 267px\" \/><\/a><\/h3>\n<a href=\"https:\/\/youtu.be\/S8MKnnTlly4?si=KAfet0DciV0C_rea\"><img loading=\"lazy\" decoding=\"async\" src=\"https:\/\/www.etf.fr\/wp-content\/uploads\/2018\/10\/OCP-Mureaux-1-250x141.png\" alt=\"\" width=\"267\" height=\"150\" class=\"alignleft wp-image-6061991\" srcset=\"https:\/\/www.etf.fr\/wp-content\/uploads\/2018\/10\/OCP-Mureaux-1-250x141.png 250w, https:\/\/www.etf.fr\/wp-content\/uploads\/2018\/10\/OCP-Mureaux-1-951x535.png 951w, https:\/\/www.etf.fr\/wp-content\/uploads\/2018\/10\/OCP-Mureaux-1-702x395.png 702w, https:\/\/www.etf.fr\/wp-content\/uploads\/2018\/10\/OCP-Mureaux-1.png 1280w\" sizes=\"auto, (max-width: 267px) 100vw, 267px\" \/><\/a>\n\n<a href=\"https:\/\/www.youtube.com\/watch?v=qfRbpx0jtDM\" target=\"_blank\" rel=\"noopener noreferrer\"><img loading=\"lazy\" decoding=\"async\" src=\"https:\/\/www.etf.fr\/wp-content\/uploads\/2018\/10\/Transfert-des-activit\u00e9sferroviaires-Nantes-ETAT-vers-Nantes-Blottereau.png\" alt=\"\" width=\"267\" height=\"150\" class=\"alignleft wp-image-10263\" srcset=\"https:\/\/www.etf.fr\/wp-content\/uploads\/2018\/10\/Transfert-des-activit\u00e9sferroviaires-Nantes-ETAT-vers-Nantes-Blottereau.png 1280w, https:\/\/www.etf.fr\/wp-content\/uploads\/2018\/10\/Transfert-des-activit\u00e9sferroviaires-Nantes-ETAT-vers-Nantes-Blottereau-250x141.png 250w, https:\/\/www.etf.fr\/wp-content\/uploads\/2018\/10\/Transfert-des-activit\u00e9sferroviaires-Nantes-ETAT-vers-Nantes-Blottereau-951x535.png 951w, https:\/\/www.etf.fr\/wp-content\/uploads\/2018\/10\/Transfert-des-activit\u00e9sferroviaires-Nantes-ETAT-vers-Nantes-Blottereau-702x395.png 702w\" sizes=\"auto, (max-width: 267px) 100vw, 267px\" \/><\/a>","protected":false},"featured_media":0,"template":"","class_list":["post-1338","agence","type-agence","status-publish","hentry","metier-tag-pose-dappareils-de-voie","metier-tag-stabilisation","metier-tag-regalage","metier-tag-voies-ratp-maintenance","metier-tag-voies-ratp-construction","metier-tag-voies-rfn-construction","metier-tag-voies-rfn-maintenance","bureau-tag-secteur-de-beauchamp","bureau-tag-secteur-de-hauconcourt"],"acf":[],"yoast_head":"<!-- This site is optimized with the Yoast SEO plugin v27.5 - https:\/\/yoast.com\/product\/yoast-seo-wordpress\/ -->\n<title>Agence Travaux M\u00e9canis\u00e9s France - ETF<\/title>\n<meta name=\"robots\" content=\"index, follow, max-snippet:-1, max-image-preview:large, max-video-preview:-1\" \/>\n<link rel=\"canonical\" href=\"https:\/\/www.etf.fr\/agence\/agence-travaux-mecanises-france\/\" \/>\n<meta property=\"og:locale\" content=\"en_US\" \/>\n<meta property=\"og:type\" content=\"article\" \/>\n<meta property=\"og:title\" content=\"Agence Travaux M\u00e9canis\u00e9s France - ETF\" \/>\n<meta property=\"og:description\" content=\"Notre agence est bas\u00e9e \u00e0 Beauchamp (95) et dispose d&#8217;une antenne en r\u00e9gion Est (Hauconcourt). Elle g\u00e8re l&#8217;ensemble du mat\u00e9riel...\" \/>\n<meta property=\"og:url\" content=\"https:\/\/www.etf.fr\/agence\/agence-travaux-mecanises-france\/\" \/>\n<meta property=\"og:site_name\" content=\"ETF\" \/>\n<meta property=\"article:modified_time\" content=\"2025-03-27T09:26:10+00:00\" \/>\n<meta property=\"og:image\" content=\"https:\/\/www.etf.fr\/wp-content\/uploads\/2018\/10\/rav-rueil.png\" \/>\n\t<meta property=\"og:image:width\" content=\"1280\" \/>\n\t<meta property=\"og:image:height\" content=\"720\" \/>\n\t<meta property=\"og:image:type\" content=\"image\/png\" \/>\n<meta name=\"twitter:card\" content=\"summary_large_image\" \/>\n<meta name=\"twitter:label1\" content=\"Est. reading time\" \/>\n\t<meta name=\"twitter:data1\" content=\"2 minutes\" \/>\n<script type=\"application\/ld+json\" class=\"yoast-schema-graph\">{\"@context\":\"https:\\\/\\\/schema.org\",\"@graph\":[{\"@type\":\"WebPage\",\"@id\":\"https:\\\/\\\/www.etf.fr\\\/agence\\\/agence-travaux-mecanises-france\\\/\",\"url\":\"https:\\\/\\\/www.etf.fr\\\/agence\\\/agence-travaux-mecanises-france\\\/\",\"name\":\"Agence Travaux M\u00e9canis\u00e9s France - ETF\",\"isPartOf\":{\"@id\":\"https:\\\/\\\/www.etf.fr\\\/#website\"},\"primaryImageOfPage\":{\"@id\":\"https:\\\/\\\/www.etf.fr\\\/agence\\\/agence-travaux-mecanises-france\\\/#primaryimage\"},\"image\":{\"@id\":\"https:\\\/\\\/www.etf.fr\\\/agence\\\/agence-travaux-mecanises-france\\\/#primaryimage\"},\"thumbnailUrl\":\"https:\\\/\\\/www.etf.fr\\\/wp-content\\\/uploads\\\/2018\\\/10\\\/rav-rueil-250x141.png\",\"datePublished\":\"2018-10-16T14:11:43+00:00\",\"dateModified\":\"2025-03-27T09:26:10+00:00\",\"breadcrumb\":{\"@id\":\"https:\\\/\\\/www.etf.fr\\\/agence\\\/agence-travaux-mecanises-france\\\/#breadcrumb\"},\"inLanguage\":\"en-US\",\"potentialAction\":[{\"@type\":\"ReadAction\",\"target\":[\"https:\\\/\\\/www.etf.fr\\\/agence\\\/agence-travaux-mecanises-france\\\/\"]}]},{\"@type\":\"ImageObject\",\"inLanguage\":\"en-US\",\"@id\":\"https:\\\/\\\/www.etf.fr\\\/agence\\\/agence-travaux-mecanises-france\\\/#primaryimage\",\"url\":\"https:\\\/\\\/www.etf.fr\\\/wp-content\\\/uploads\\\/2018\\\/10\\\/rav-rueil-250x141.png\",\"contentUrl\":\"https:\\\/\\\/www.etf.fr\\\/wp-content\\\/uploads\\\/2018\\\/10\\\/rav-rueil-250x141.png\"},{\"@type\":\"BreadcrumbList\",\"@id\":\"https:\\\/\\\/www.etf.fr\\\/agence\\\/agence-travaux-mecanises-france\\\/#breadcrumb\",\"itemListElement\":[{\"@type\":\"ListItem\",\"position\":1,\"name\":\"Accueil\",\"item\":\"https:\\\/\\\/www.etf.fr\\\/en\\\/\"},{\"@type\":\"ListItem\",\"position\":2,\"name\":\"Agences\",\"item\":\"https:\\\/\\\/www.etf.fr\\\/agence\\\/\"},{\"@type\":\"ListItem\",\"position\":3,\"name\":\"Agence Travaux M\u00e9canis\u00e9s France\"}]},{\"@type\":\"WebSite\",\"@id\":\"https:\\\/\\\/www.etf.fr\\\/#website\",\"url\":\"https:\\\/\\\/www.etf.fr\\\/\",\"name\":\"ETF\",\"description\":\"Your transport partner worldwide\",\"publisher\":{\"@id\":\"https:\\\/\\\/www.etf.fr\\\/#organization\"},\"potentialAction\":[{\"@type\":\"SearchAction\",\"target\":{\"@type\":\"EntryPoint\",\"urlTemplate\":\"https:\\\/\\\/www.etf.fr\\\/?s={search_term_string}\"},\"query-input\":{\"@type\":\"PropertyValueSpecification\",\"valueRequired\":true,\"valueName\":\"search_term_string\"}}],\"inLanguage\":\"en-US\"},{\"@type\":\"Organization\",\"@id\":\"https:\\\/\\\/www.etf.fr\\\/#organization\",\"name\":\"ETF\",\"url\":\"https:\\\/\\\/www.etf.fr\\\/\",\"logo\":{\"@type\":\"ImageObject\",\"inLanguage\":\"en-US\",\"@id\":\"https:\\\/\\\/www.etf.fr\\\/#\\\/schema\\\/logo\\\/image\\\/\",\"url\":\"https:\\\/\\\/www.etf.fr\\\/wp-content\\\/uploads\\\/2019\\\/03\\\/logo-ETF.png\",\"contentUrl\":\"https:\\\/\\\/www.etf.fr\\\/wp-content\\\/uploads\\\/2019\\\/03\\\/logo-ETF.png\",\"width\":272,\"height\":161,\"caption\":\"ETF\"},\"image\":{\"@id\":\"https:\\\/\\\/www.etf.fr\\\/#\\\/schema\\\/logo\\\/image\\\/\"}}]}<\/script>\n<!-- \/ Yoast SEO plugin. -->","yoast_head_json":{"title":"Agence Travaux M\u00e9canis\u00e9s France - ETF","robots":{"index":"index","follow":"follow","max-snippet":"max-snippet:-1","max-image-preview":"max-image-preview:large","max-video-preview":"max-video-preview:-1"},"canonical":"https:\/\/www.etf.fr\/agence\/agence-travaux-mecanises-france\/","og_locale":"en_US","og_type":"article","og_title":"Agence Travaux M\u00e9canis\u00e9s France - ETF","og_description":"Notre agence est bas\u00e9e \u00e0 Beauchamp (95) et dispose d&#8217;une antenne en r\u00e9gion Est (Hauconcourt). Elle g\u00e8re l&#8217;ensemble du mat\u00e9riel...","og_url":"https:\/\/www.etf.fr\/agence\/agence-travaux-mecanises-france\/","og_site_name":"ETF","article_modified_time":"2025-03-27T09:26:10+00:00","og_image":[{"width":1280,"height":720,"url":"https:\/\/www.etf.fr\/wp-content\/uploads\/2018\/10\/rav-rueil.png","type":"image\/png"}],"twitter_card":"summary_large_image","twitter_misc":{"Est. reading time":"2 minutes"},"schema":{"@context":"https:\/\/schema.org","@graph":[{"@type":"WebPage","@id":"https:\/\/www.etf.fr\/agence\/agence-travaux-mecanises-france\/","url":"https:\/\/www.etf.fr\/agence\/agence-travaux-mecanises-france\/","name":"Agence Travaux M\u00e9canis\u00e9s France - ETF","isPartOf":{"@id":"https:\/\/www.etf.fr\/#website"},"primaryImageOfPage":{"@id":"https:\/\/www.etf.fr\/agence\/agence-travaux-mecanises-france\/#primaryimage"},"image":{"@id":"https:\/\/www.etf.fr\/agence\/agence-travaux-mecanises-france\/#primaryimage"},"thumbnailUrl":"https:\/\/www.etf.fr\/wp-content\/uploads\/2018\/10\/rav-rueil-250x141.png","datePublished":"2018-10-16T14:11:43+00:00","dateModified":"2025-03-27T09:26:10+00:00","breadcrumb":{"@id":"https:\/\/www.etf.fr\/agence\/agence-travaux-mecanises-france\/#breadcrumb"},"inLanguage":"en-US","potentialAction":[{"@type":"ReadAction","target":["https:\/\/www.etf.fr\/agence\/agence-travaux-mecanises-france\/"]}]},{"@type":"ImageObject","inLanguage":"en-US","@id":"https:\/\/www.etf.fr\/agence\/agence-travaux-mecanises-france\/#primaryimage","url":"https:\/\/www.etf.fr\/wp-content\/uploads\/2018\/10\/rav-rueil-250x141.png","contentUrl":"https:\/\/www.etf.fr\/wp-content\/uploads\/2018\/10\/rav-rueil-250x141.png"},{"@type":"BreadcrumbList","@id":"https:\/\/www.etf.fr\/agence\/agence-travaux-mecanises-france\/#breadcrumb","itemListElement":[{"@type":"ListItem","position":1,"name":"Accueil","item":"https:\/\/www.etf.fr\/en\/"},{"@type":"ListItem","position":2,"name":"Agences","item":"https:\/\/www.etf.fr\/agence\/"},{"@type":"ListItem","position":3,"name":"Agence Travaux M\u00e9canis\u00e9s France"}]},{"@type":"WebSite","@id":"https:\/\/www.etf.fr\/#website","url":"https:\/\/www.etf.fr\/","name":"ETF","description":"Your transport partner worldwide","publisher":{"@id":"https:\/\/www.etf.fr\/#organization"},"potentialAction":[{"@type":"SearchAction","target":{"@type":"EntryPoint","urlTemplate":"https:\/\/www.etf.fr\/?s={search_term_string}"},"query-input":{"@type":"PropertyValueSpecification","valueRequired":true,"valueName":"search_term_string"}}],"inLanguage":"en-US"},{"@type":"Organization","@id":"https:\/\/www.etf.fr\/#organization","name":"ETF","url":"https:\/\/www.etf.fr\/","logo":{"@type":"ImageObject","inLanguage":"en-US","@id":"https:\/\/www.etf.fr\/#\/schema\/logo\/image\/","url":"https:\/\/www.etf.fr\/wp-content\/uploads\/2019\/03\/logo-ETF.png","contentUrl":"https:\/\/www.etf.fr\/wp-content\/uploads\/2019\/03\/logo-ETF.png","width":272,"height":161,"caption":"ETF"},"image":{"@id":"https:\/\/www.etf.fr\/#\/schema\/logo\/image\/"}}]}},"_links":{"self":[{"href":"https:\/\/www.etf.fr\/en\/wp-json\/wp\/v2\/agence\/1338","targetHints":{"allow":["GET"]}}],"collection":[{"href":"https:\/\/www.etf.fr\/en\/wp-json\/wp\/v2\/agence"}],"about":[{"href":"https:\/\/www.etf.fr\/en\/wp-json\/wp\/v2\/types\/agence"}],"wp:attachment":[{"href":"https:\/\/www.etf.fr\/en\/wp-json\/wp\/v2\/media?parent=1338"}],"curies":[{"name":"wp","href":"https:\/\/api.w.org\/{rel}","templated":true}]}}