{"id":701391,"date":"2024-02-28T15:08:43","date_gmt":"2024-02-28T14:08:43","guid":{"rendered":"https:\/\/www.etf.fr\/?post_type=agence&#038;p=701391"},"modified":"2026-03-10T09:09:19","modified_gmt":"2026-03-10T08:09:19","slug":"grands-projets-ferroviaires","status":"publish","type":"agence","link":"https:\/\/www.etf.fr\/en\/agence\/grands-projets-ferroviaires\/","title":{"rendered":"Agences des Grands Projets Ferroviaires"},"content":{"rendered":"\n<p class=\"has-black-color has-text-color has-medium-font-size\">Les \u00e9quipes de la direction r\u00e9gionale Grands Projets Ferroviaires sont pr\u00e9sentent sur les march\u00e9s <strong>SNCF R\u00e9seau<\/strong> des<span>&nbsp;<\/span><strong>\u00ab Suites Rapides \u00bb<\/strong><span> &nbsp;<\/span>gr\u00e2ce \u00e0 ses <strong>trains-usines roulants r\u00e9g\u00e9n\u00e9rant les voies \u00e0 des cadences industrielles<\/strong>. Ces march\u00e9s entrent dans le<span>&nbsp;<\/span><strong>plan de modernisation de notre client, SNCF R\u00e9seau<\/strong>.<\/p>\n\n\n\n<ul class=\"wp-block-list has-black-color has-text-color has-medium-font-size\">\n<li>Depuis 2024, ETF travaille sur un lot de<span>&nbsp;<\/span><strong>Suite Rapide <span>Hors-Suite Industrialis\u00e9<\/span><\/strong><\/li>\n\n\n\n<li>En 2024, ETF a commenc\u00e9 le march\u00e9<span>&nbsp;<\/span><strong>RRI (Renouvellement de Rails Industrialis\u00e9s)<\/strong><span>&nbsp;<\/span>qui permettra le renouvellement de 675km de rail sur 5 ans.<\/li>\n\n\n\n<li>ETF a remport\u00e9 en 2024 un contrat <strong>RGI (<span>R\u00e9g\u00e9n\u00e9ration Industrielle<\/span><\/strong>) strat\u00e9gique portant sur le renouvellement de plus de 800 kilom\u00e8tres de voies d&#8217;ici 2030.<\/li>\n<\/ul>\n\n\n\n<div class=\"wp-block-columns is-layout-flex wp-container-core-columns-is-layout-9d6595d7 wp-block-columns-is-layout-flex\">\n<div class=\"wp-block-column is-layout-flow wp-block-column-is-layout-flow\">\n<figure class=\"wp-block-image size-large is-resized\"><a href=\"https:\/\/www.youtube.com\/watch?v=vnvOoNdwnxc\"><img loading=\"lazy\" decoding=\"async\" width=\"951\" height=\"535\" src=\"https:\/\/www.etf.fr\/wp-content\/uploads\/2024\/02\/Miniatures-Youtube-Videos-Chantiers-4-951x535.png\" alt=\"\" class=\"wp-image-14614653\" style=\"width:384px\" srcset=\"https:\/\/www.etf.fr\/wp-content\/uploads\/2024\/02\/Miniatures-Youtube-Videos-Chantiers-4-951x535.png 951w, https:\/\/www.etf.fr\/wp-content\/uploads\/2024\/02\/Miniatures-Youtube-Videos-Chantiers-4-250x141.png 250w, https:\/\/www.etf.fr\/wp-content\/uploads\/2024\/02\/Miniatures-Youtube-Videos-Chantiers-4-702x395.png 702w, https:\/\/www.etf.fr\/wp-content\/uploads\/2024\/02\/Miniatures-Youtube-Videos-Chantiers-4.png 1280w\" sizes=\"auto, (max-width: 951px) 100vw, 951px\" \/><\/a><\/figure>\n<\/div>\n\n\n\n<div class=\"wp-block-column is-layout-flow wp-block-column-is-layout-flow\">\n<figure class=\"wp-block-image size-large is-resized\"><a href=\"https:\/\/www.youtube.com\/watch?v=vkz9W5BbvOY\"><img loading=\"lazy\" decoding=\"async\" width=\"951\" height=\"535\" src=\"https:\/\/www.etf.fr\/wp-content\/uploads\/2024\/02\/RRI-luneville-sarrebourg-951x535.png\" alt=\"\" class=\"wp-image-14614579\" style=\"width:384px\" srcset=\"https:\/\/www.etf.fr\/wp-content\/uploads\/2024\/02\/RRI-luneville-sarrebourg-951x535.png 951w, https:\/\/www.etf.fr\/wp-content\/uploads\/2024\/02\/RRI-luneville-sarrebourg-250x141.png 250w, https:\/\/www.etf.fr\/wp-content\/uploads\/2024\/02\/RRI-luneville-sarrebourg-702x395.png 702w, https:\/\/www.etf.fr\/wp-content\/uploads\/2024\/02\/RRI-luneville-sarrebourg.png 1280w\" sizes=\"auto, (max-width: 951px) 100vw, 951px\" \/><\/a><\/figure>\n<\/div>\n<\/div>\n\n\n\n<div class=\"wp-block-columns is-layout-flex wp-container-core-columns-is-layout-9d6595d7 wp-block-columns-is-layout-flex\">\n<div class=\"wp-block-column is-layout-flow wp-block-column-is-layout-flow\">\n<figure class=\"wp-block-image size-large is-resized\"><a href=\"https:\/\/www.youtube.com\/watch?v=6edqSsVGSfw&amp;t=5s\" target=\"_blank\" rel=\"attachment noopener wp-att-701891\"><img loading=\"lazy\" decoding=\"async\" width=\"951\" height=\"535\" src=\"https:\/\/www.etf.fr\/wp-content\/uploads\/2024\/02\/Miniature-Youtube-Veilleurs-de-voie-3-951x535.png\" alt=\"\" class=\"wp-image-701891\" style=\"width:384px\" srcset=\"https:\/\/www.etf.fr\/wp-content\/uploads\/2024\/02\/Miniature-Youtube-Veilleurs-de-voie-3-951x535.png 951w, https:\/\/www.etf.fr\/wp-content\/uploads\/2024\/02\/Miniature-Youtube-Veilleurs-de-voie-3-250x141.png 250w, https:\/\/www.etf.fr\/wp-content\/uploads\/2024\/02\/Miniature-Youtube-Veilleurs-de-voie-3-702x395.png 702w, https:\/\/www.etf.fr\/wp-content\/uploads\/2024\/02\/Miniature-Youtube-Veilleurs-de-voie-3.png 1280w\" sizes=\"auto, (max-width: 951px) 100vw, 951px\" \/><\/a><\/figure>\n<\/div>\n\n\n\n<div class=\"wp-block-column is-layout-flow wp-block-column-is-layout-flow\">\n<figure class=\"wp-block-image size-large is-resized\"><a href=\"https:\/\/www.youtube.com\/watch?v=7OuwSCukLjQ\"><img loading=\"lazy\" decoding=\"async\" width=\"951\" height=\"535\" src=\"https:\/\/www.etf.fr\/wp-content\/uploads\/2024\/02\/Miniatures-Youtube-Videos-Chantiers-3-951x535.png\" alt=\"\" class=\"wp-image-14614581\" style=\"width:384px;height:auto\" srcset=\"https:\/\/www.etf.fr\/wp-content\/uploads\/2024\/02\/Miniatures-Youtube-Videos-Chantiers-3-951x535.png 951w, https:\/\/www.etf.fr\/wp-content\/uploads\/2024\/02\/Miniatures-Youtube-Videos-Chantiers-3-250x141.png 250w, https:\/\/www.etf.fr\/wp-content\/uploads\/2024\/02\/Miniatures-Youtube-Videos-Chantiers-3-702x395.png 702w, https:\/\/www.etf.fr\/wp-content\/uploads\/2024\/02\/Miniatures-Youtube-Videos-Chantiers-3.png 1280w\" sizes=\"auto, (max-width: 951px) 100vw, 951px\" \/><\/a><\/figure>\n<\/div>\n<\/div>\n\n\n\n<div class=\"wp-block-columns is-layout-flex wp-container-core-columns-is-layout-9d6595d7 wp-block-columns-is-layout-flex\">\n<div class=\"wp-block-column is-layout-flow wp-block-column-is-layout-flow\">\n<figure class=\"wp-block-image size-large is-resized\"><img loading=\"lazy\" decoding=\"async\" width=\"951\" height=\"535\" src=\"https:\/\/www.etf.fr\/wp-content\/uploads\/2024\/02\/Miniatures-Youtube-Videos-Chantiers-2-951x535.png\" alt=\"\" class=\"wp-image-14614583\" style=\"width:384px\" srcset=\"https:\/\/www.etf.fr\/wp-content\/uploads\/2024\/02\/Miniatures-Youtube-Videos-Chantiers-2-951x535.png 951w, https:\/\/www.etf.fr\/wp-content\/uploads\/2024\/02\/Miniatures-Youtube-Videos-Chantiers-2-250x141.png 250w, https:\/\/www.etf.fr\/wp-content\/uploads\/2024\/02\/Miniatures-Youtube-Videos-Chantiers-2-702x395.png 702w, https:\/\/www.etf.fr\/wp-content\/uploads\/2024\/02\/Miniatures-Youtube-Videos-Chantiers-2.png 1280w\" sizes=\"auto, (max-width: 951px) 100vw, 951px\" \/><\/figure>\n<\/div>\n\n\n\n<div class=\"wp-block-column is-layout-flow wp-block-column-is-layout-flow\">\n<figure class=\"wp-block-image size-large is-resized\"><a href=\"https:\/\/www.youtube.com\/watch?v=xsO2cwsDRDk&amp;t=8s\" target=\"_blank\" rel=\"attachment noopener wp-att-701893\"><img loading=\"lazy\" decoding=\"async\" width=\"951\" height=\"535\" src=\"https:\/\/www.etf.fr\/wp-content\/uploads\/2024\/02\/Miniatures-Youtube-Videos-Chantiers-5-951x535.png\" alt=\"\" class=\"wp-image-701893\" style=\"width:384px\" srcset=\"https:\/\/www.etf.fr\/wp-content\/uploads\/2024\/02\/Miniatures-Youtube-Videos-Chantiers-5-951x535.png 951w, https:\/\/www.etf.fr\/wp-content\/uploads\/2024\/02\/Miniatures-Youtube-Videos-Chantiers-5-250x141.png 250w, https:\/\/www.etf.fr\/wp-content\/uploads\/2024\/02\/Miniatures-Youtube-Videos-Chantiers-5-702x395.png 702w, https:\/\/www.etf.fr\/wp-content\/uploads\/2024\/02\/Miniatures-Youtube-Videos-Chantiers-5.png 1280w\" sizes=\"auto, (max-width: 951px) 100vw, 951px\" \/><\/a><\/figure>\n<\/div>\n<\/div>\n","protected":false},"featured_media":115477,"template":"","class_list":["post-701391","agence","type-agence","status-publish","has-post-thumbnail","hentry","bureau-tag-suite-rapide-rri","bureau-tag-regeneration-industrielle","bureau-tag-hors-suite-industrialise"],"acf":[],"yoast_head":"<!-- This site is optimized with the Yoast SEO plugin v27.5 - https:\/\/yoast.com\/product\/yoast-seo-wordpress\/ -->\n<title>Agences des Grands Projets Ferroviaires - ETF<\/title>\n<meta name=\"robots\" content=\"index, follow, max-snippet:-1, max-image-preview:large, max-video-preview:-1\" \/>\n<link rel=\"canonical\" href=\"https:\/\/www.etf.fr\/agence\/grands-projets-ferroviaires\/\" \/>\n<meta property=\"og:locale\" content=\"en_US\" \/>\n<meta property=\"og:type\" content=\"article\" \/>\n<meta property=\"og:title\" content=\"Agences des Grands Projets Ferroviaires - ETF\" \/>\n<meta property=\"og:description\" content=\"Les \u00e9quipes de la direction r\u00e9gionale Grands Projets Ferroviaires sont pr\u00e9sentent sur les march\u00e9s SNCF R\u00e9seau des&nbsp;\u00ab Suites Rapides \u00bb...\" \/>\n<meta property=\"og:url\" content=\"https:\/\/www.etf.fr\/agence\/grands-projets-ferroviaires\/\" \/>\n<meta property=\"og:site_name\" content=\"ETF\" \/>\n<meta property=\"article:modified_time\" content=\"2026-03-10T08:09:19+00:00\" \/>\n<meta property=\"og:image\" content=\"https:\/\/www.etf.fr\/wp-content\/uploads\/2023\/12\/IMG-20200228-WA0010-Copie-1.jpg\" \/>\n\t<meta property=\"og:image:width\" content=\"1600\" \/>\n\t<meta property=\"og:image:height\" content=\"1200\" \/>\n\t<meta property=\"og:image:type\" content=\"image\/jpeg\" \/>\n<meta name=\"twitter:card\" content=\"summary_large_image\" \/>\n<meta name=\"twitter:label1\" content=\"Est. reading time\" \/>\n\t<meta name=\"twitter:data1\" content=\"2 minutes\" \/>\n<script type=\"application\/ld+json\" class=\"yoast-schema-graph\">{\"@context\":\"https:\\\/\\\/schema.org\",\"@graph\":[{\"@type\":\"WebPage\",\"@id\":\"https:\\\/\\\/www.etf.fr\\\/agence\\\/grands-projets-ferroviaires\\\/\",\"url\":\"https:\\\/\\\/www.etf.fr\\\/agence\\\/grands-projets-ferroviaires\\\/\",\"name\":\"Agences des Grands Projets Ferroviaires - ETF\",\"isPartOf\":{\"@id\":\"https:\\\/\\\/www.etf.fr\\\/#website\"},\"primaryImageOfPage\":{\"@id\":\"https:\\\/\\\/www.etf.fr\\\/agence\\\/grands-projets-ferroviaires\\\/#primaryimage\"},\"image\":{\"@id\":\"https:\\\/\\\/www.etf.fr\\\/agence\\\/grands-projets-ferroviaires\\\/#primaryimage\"},\"thumbnailUrl\":\"https:\\\/\\\/www.etf.fr\\\/wp-content\\\/uploads\\\/2023\\\/12\\\/IMG-20200228-WA0010-Copie-1.jpg\",\"datePublished\":\"2024-02-28T14:08:43+00:00\",\"dateModified\":\"2026-03-10T08:09:19+00:00\",\"breadcrumb\":{\"@id\":\"https:\\\/\\\/www.etf.fr\\\/agence\\\/grands-projets-ferroviaires\\\/#breadcrumb\"},\"inLanguage\":\"en-US\",\"potentialAction\":[{\"@type\":\"ReadAction\",\"target\":[\"https:\\\/\\\/www.etf.fr\\\/agence\\\/grands-projets-ferroviaires\\\/\"]}]},{\"@type\":\"ImageObject\",\"inLanguage\":\"en-US\",\"@id\":\"https:\\\/\\\/www.etf.fr\\\/agence\\\/grands-projets-ferroviaires\\\/#primaryimage\",\"url\":\"https:\\\/\\\/www.etf.fr\\\/wp-content\\\/uploads\\\/2023\\\/12\\\/IMG-20200228-WA0010-Copie-1.jpg\",\"contentUrl\":\"https:\\\/\\\/www.etf.fr\\\/wp-content\\\/uploads\\\/2023\\\/12\\\/IMG-20200228-WA0010-Copie-1.jpg\",\"width\":1600,\"height\":1200},{\"@type\":\"BreadcrumbList\",\"@id\":\"https:\\\/\\\/www.etf.fr\\\/agence\\\/grands-projets-ferroviaires\\\/#breadcrumb\",\"itemListElement\":[{\"@type\":\"ListItem\",\"position\":1,\"name\":\"Accueil\",\"item\":\"https:\\\/\\\/www.etf.fr\\\/en\\\/\"},{\"@type\":\"ListItem\",\"position\":2,\"name\":\"Agences\",\"item\":\"https:\\\/\\\/www.etf.fr\\\/agence\\\/\"},{\"@type\":\"ListItem\",\"position\":3,\"name\":\"Agences des Grands Projets Ferroviaires\"}]},{\"@type\":\"WebSite\",\"@id\":\"https:\\\/\\\/www.etf.fr\\\/#website\",\"url\":\"https:\\\/\\\/www.etf.fr\\\/\",\"name\":\"ETF\",\"description\":\"Your transport partner worldwide\",\"publisher\":{\"@id\":\"https:\\\/\\\/www.etf.fr\\\/#organization\"},\"potentialAction\":[{\"@type\":\"SearchAction\",\"target\":{\"@type\":\"EntryPoint\",\"urlTemplate\":\"https:\\\/\\\/www.etf.fr\\\/?s={search_term_string}\"},\"query-input\":{\"@type\":\"PropertyValueSpecification\",\"valueRequired\":true,\"valueName\":\"search_term_string\"}}],\"inLanguage\":\"en-US\"},{\"@type\":\"Organization\",\"@id\":\"https:\\\/\\\/www.etf.fr\\\/#organization\",\"name\":\"ETF\",\"url\":\"https:\\\/\\\/www.etf.fr\\\/\",\"logo\":{\"@type\":\"ImageObject\",\"inLanguage\":\"en-US\",\"@id\":\"https:\\\/\\\/www.etf.fr\\\/#\\\/schema\\\/logo\\\/image\\\/\",\"url\":\"https:\\\/\\\/www.etf.fr\\\/wp-content\\\/uploads\\\/2019\\\/03\\\/logo-ETF.png\",\"contentUrl\":\"https:\\\/\\\/www.etf.fr\\\/wp-content\\\/uploads\\\/2019\\\/03\\\/logo-ETF.png\",\"width\":272,\"height\":161,\"caption\":\"ETF\"},\"image\":{\"@id\":\"https:\\\/\\\/www.etf.fr\\\/#\\\/schema\\\/logo\\\/image\\\/\"}}]}<\/script>\n<!-- \/ Yoast SEO plugin. -->","yoast_head_json":{"title":"Agences des Grands Projets Ferroviaires - ETF","robots":{"index":"index","follow":"follow","max-snippet":"max-snippet:-1","max-image-preview":"max-image-preview:large","max-video-preview":"max-video-preview:-1"},"canonical":"https:\/\/www.etf.fr\/agence\/grands-projets-ferroviaires\/","og_locale":"en_US","og_type":"article","og_title":"Agences des Grands Projets Ferroviaires - ETF","og_description":"Les \u00e9quipes de la direction r\u00e9gionale Grands Projets Ferroviaires sont pr\u00e9sentent sur les march\u00e9s SNCF R\u00e9seau des&nbsp;\u00ab Suites Rapides \u00bb...","og_url":"https:\/\/www.etf.fr\/agence\/grands-projets-ferroviaires\/","og_site_name":"ETF","article_modified_time":"2026-03-10T08:09:19+00:00","og_image":[{"width":1600,"height":1200,"url":"https:\/\/www.etf.fr\/wp-content\/uploads\/2023\/12\/IMG-20200228-WA0010-Copie-1.jpg","type":"image\/jpeg"}],"twitter_card":"summary_large_image","twitter_misc":{"Est. reading time":"2 minutes"},"schema":{"@context":"https:\/\/schema.org","@graph":[{"@type":"WebPage","@id":"https:\/\/www.etf.fr\/agence\/grands-projets-ferroviaires\/","url":"https:\/\/www.etf.fr\/agence\/grands-projets-ferroviaires\/","name":"Agences des Grands Projets Ferroviaires - ETF","isPartOf":{"@id":"https:\/\/www.etf.fr\/#website"},"primaryImageOfPage":{"@id":"https:\/\/www.etf.fr\/agence\/grands-projets-ferroviaires\/#primaryimage"},"image":{"@id":"https:\/\/www.etf.fr\/agence\/grands-projets-ferroviaires\/#primaryimage"},"thumbnailUrl":"https:\/\/www.etf.fr\/wp-content\/uploads\/2023\/12\/IMG-20200228-WA0010-Copie-1.jpg","datePublished":"2024-02-28T14:08:43+00:00","dateModified":"2026-03-10T08:09:19+00:00","breadcrumb":{"@id":"https:\/\/www.etf.fr\/agence\/grands-projets-ferroviaires\/#breadcrumb"},"inLanguage":"en-US","potentialAction":[{"@type":"ReadAction","target":["https:\/\/www.etf.fr\/agence\/grands-projets-ferroviaires\/"]}]},{"@type":"ImageObject","inLanguage":"en-US","@id":"https:\/\/www.etf.fr\/agence\/grands-projets-ferroviaires\/#primaryimage","url":"https:\/\/www.etf.fr\/wp-content\/uploads\/2023\/12\/IMG-20200228-WA0010-Copie-1.jpg","contentUrl":"https:\/\/www.etf.fr\/wp-content\/uploads\/2023\/12\/IMG-20200228-WA0010-Copie-1.jpg","width":1600,"height":1200},{"@type":"BreadcrumbList","@id":"https:\/\/www.etf.fr\/agence\/grands-projets-ferroviaires\/#breadcrumb","itemListElement":[{"@type":"ListItem","position":1,"name":"Accueil","item":"https:\/\/www.etf.fr\/en\/"},{"@type":"ListItem","position":2,"name":"Agences","item":"https:\/\/www.etf.fr\/agence\/"},{"@type":"ListItem","position":3,"name":"Agences des Grands Projets Ferroviaires"}]},{"@type":"WebSite","@id":"https:\/\/www.etf.fr\/#website","url":"https:\/\/www.etf.fr\/","name":"ETF","description":"Your transport partner worldwide","publisher":{"@id":"https:\/\/www.etf.fr\/#organization"},"potentialAction":[{"@type":"SearchAction","target":{"@type":"EntryPoint","urlTemplate":"https:\/\/www.etf.fr\/?s={search_term_string}"},"query-input":{"@type":"PropertyValueSpecification","valueRequired":true,"valueName":"search_term_string"}}],"inLanguage":"en-US"},{"@type":"Organization","@id":"https:\/\/www.etf.fr\/#organization","name":"ETF","url":"https:\/\/www.etf.fr\/","logo":{"@type":"ImageObject","inLanguage":"en-US","@id":"https:\/\/www.etf.fr\/#\/schema\/logo\/image\/","url":"https:\/\/www.etf.fr\/wp-content\/uploads\/2019\/03\/logo-ETF.png","contentUrl":"https:\/\/www.etf.fr\/wp-content\/uploads\/2019\/03\/logo-ETF.png","width":272,"height":161,"caption":"ETF"},"image":{"@id":"https:\/\/www.etf.fr\/#\/schema\/logo\/image\/"}}]}},"_links":{"self":[{"href":"https:\/\/www.etf.fr\/en\/wp-json\/wp\/v2\/agence\/701391","targetHints":{"allow":["GET"]}}],"collection":[{"href":"https:\/\/www.etf.fr\/en\/wp-json\/wp\/v2\/agence"}],"about":[{"href":"https:\/\/www.etf.fr\/en\/wp-json\/wp\/v2\/types\/agence"}],"wp:featuredmedia":[{"embeddable":true,"href":"https:\/\/www.etf.fr\/en\/wp-json\/wp\/v2\/media\/115477"}],"wp:attachment":[{"href":"https:\/\/www.etf.fr\/en\/wp-json\/wp\/v2\/media?parent=701391"}],"curies":[{"name":"wp","href":"https:\/\/api.w.org\/{rel}","templated":true}]}}