{"id":95810,"date":"2023-07-26T16:30:15","date_gmt":"2023-07-26T14:30:15","guid":{"rendered":"https:\/\/www.etf.fr\/?post_type=agence&#038;p=95810"},"modified":"2026-03-19T09:31:46","modified_gmt":"2026-03-19T08:31:46","slug":"etf-academy","status":"publish","type":"agence","link":"https:\/\/www.etf.fr\/en\/agence\/etf-academy\/","title":{"rendered":"ETF Academy"},"content":{"rendered":"\n<p>Depuis sa cr\u00e9ation en 2018, <strong>ETF Academy<\/strong> s&#8217;engage \u00e0 vous accompagner dans vos <strong>projets de formation internes en mati\u00e8re de m\u00e9tiers ferroviaires<\/strong> tout en identifiant, avec vous, les diff\u00e9rentes options de financement disponibles.<\/p>\n\n\n\n<div style=\"height:43px\" aria-hidden=\"true\" class=\"wp-block-spacer\"><\/div>\n\n\n\n<p class=\"has-text-color has-link-color has-medium-font-size wp-elements-f71fe92b96b352ad6db90c61090adb9e\" style=\"color:#004488;text-transform:uppercase\"><strong>Chez ETF Academy, nous sommes fiers de collaborer avec vous pour d\u00e9velopper les comp\u00e9tences n\u00e9cessaires \u00e0 la r\u00e9ussite de votre entreprise.<\/strong><\/p>\n\n\n\n<div class=\"wp-block-columns is-layout-flex wp-container-core-columns-is-layout-9d6595d7 wp-block-columns-is-layout-flex\">\n<div class=\"wp-block-column is-layout-flow wp-block-column-is-layout-flow\">\n<figure class=\"wp-block-embed is-type-video is-provider-youtube wp-block-embed-youtube wp-embed-aspect-16-9 wp-has-aspect-ratio\"><div class=\"wp-block-embed__wrapper\">\n<div class=\"oembed\">\n\t<iframe loading=\"lazy\" title=\"ETF Academy\" width=\"500\" height=\"281\" src=\"https:\/\/www.youtube.com\/embed\/tXE3T7dgcI4?feature=oembed\" frameborder=\"0\" allow=\"accelerometer; autoplay; clipboard-write; encrypted-media; gyroscope; picture-in-picture; web-share\" referrerpolicy=\"strict-origin-when-cross-origin\" allowfullscreen><\/iframe><\/div>\n\n<\/div><\/figure>\n<\/div>\n\n\n\n<div class=\"wp-block-column is-layout-flow wp-block-column-is-layout-flow\">\n<div style=\"height:18px\" aria-hidden=\"true\" class=\"wp-block-spacer\"><\/div>\n\n\n\n<p>Nous mettons \u00e0 votre disposition <strong>65 modules de formation<\/strong>, en <strong>pr\u00e9sentiel ou \u00e0 distance<\/strong>, couvrant les principaux <strong>m\u00e9tiers techniques du secteur ferroviaire<\/strong>.&nbsp;<\/p>\n\n\n\n<p>Nos formations sont sp\u00e9cialement con\u00e7ues pour r\u00e9pondre aux besoins sp\u00e9cifiques de votre entreprise. Pour cela, nous nous appuyons sur un <strong>r\u00e9seau de formateurs experts<\/strong>, pr\u00e9sents sur l&#8217;ensemble du territoire fran\u00e7ais. Leur solide exp\u00e9rience pratique et leur ma\u00eetrise pointue de leur domaine de comp\u00e9tence nous permettent de vous offrir des <strong>formations sur mesure<\/strong>.&nbsp;<\/p>\n\n\n\n<p>Notre centre dispose de <strong>4 salles de formation \u00e9quip\u00e9es d&#8217;outils digitaux<\/strong> et il est dot\u00e9 d&#8217;une <strong>plateforme ferroviaire<\/strong> pour nos exercices pratiques.&nbsp;&nbsp;<\/p>\n<\/div>\n<\/div>\n\n\n\n<div style=\"height:53px\" aria-hidden=\"true\" class=\"wp-block-spacer\"><\/div>\n\n\n\n<p class=\"has-text-color has-link-color has-medium-font-size wp-elements-d5523b2dfd4350c3b21497b4db88eb9e\" style=\"color:#004488;text-transform:uppercase\"><strong>ETF Academy est \u00e0 votre disposition pour organiser des sessions de formation intra ou inter-entreprise sur notre site de Beauchamp (95) ou dans la France enti\u00e8re.&nbsp;<\/strong><\/p>\n\n\n\n<div class=\"wp-block-columns is-layout-flex wp-container-core-columns-is-layout-9d6595d7 wp-block-columns-is-layout-flex\">\n<div class=\"wp-block-column is-layout-flow wp-block-column-is-layout-flow\">\n<p><strong>Nous proposons des formations \u00e0 destination des :<\/strong><\/p>\n\n\n\n<ul class=\"wp-block-list\">\n<li>Compagnons poseurs de voie&nbsp;&nbsp;<\/li>\n\n\n\n<li>G\u00e9nie-Civil \/ Signalisation \/ Cat\u00e9naires&nbsp;&nbsp;<\/li>\n\n\n\n<li>Soudeurs aluminothermiques&nbsp;&nbsp;<\/li>\n\n\n\n<li>Conducteurs d\u2019engins ferroviaires&nbsp;&nbsp;<\/li>\n\n\n\n<li>Chefs d\u2019\u00e9quipe \/ Chefs de chantier&nbsp;&nbsp;<\/li>\n\n\n\n<li>Conducteurs de travaux&nbsp;&nbsp;<\/li>\n\n\n\n<li>Responsables Mat\u00e9riel \/ Ing\u00e9nieurs Responsable Mat\u00e9riel&nbsp;&nbsp;<\/li>\n\n\n\n<li>Chefs de secteur \/ Chefs d&#8217;agence<\/li>\n<\/ul>\n<\/div>\n\n\n\n<div class=\"wp-block-column is-layout-flow wp-block-column-is-layout-flow\">\n<p class=\"has-text-align-center has-vivid-red-color has-text-color has-link-color wp-elements-5afb4b8fbb6ef2bdb105e67c3fbb7810\"><span style=\"color: #000000\"><strong>D\u00c9COUVREZ NOTRE CATALOGUE DE FORMATION<\/strong><\/span><\/p>\n\n\n<div class=\"wp-block-image\">\n<figure class=\"aligncenter size-large is-resized\"><img loading=\"lazy\" decoding=\"async\" width=\"803\" height=\"535\" src=\"https:\/\/www.etf.fr\/wp-content\/uploads\/2023\/07\/Retouche-de-photos-803x535.png\" alt=\"\" class=\"wp-image-9806601\" style=\"width:346px;height:auto\" srcset=\"https:\/\/www.etf.fr\/wp-content\/uploads\/2023\/07\/Retouche-de-photos-803x535.png 803w, https:\/\/www.etf.fr\/wp-content\/uploads\/2023\/07\/Retouche-de-photos-250x167.png 250w, https:\/\/www.etf.fr\/wp-content\/uploads\/2023\/07\/Retouche-de-photos-593x395.png 593w, https:\/\/www.etf.fr\/wp-content\/uploads\/2023\/07\/Retouche-de-photos-1536x1024.png 1536w, https:\/\/www.etf.fr\/wp-content\/uploads\/2023\/07\/Retouche-de-photos-2048x1365.png 2048w\" sizes=\"auto, (max-width: 803px) 100vw, 803px\" \/><\/figure>\n<\/div>\n\n\n<div style=\"height:20px\" aria-hidden=\"true\" class=\"wp-block-spacer\"><\/div>\n\n\n\n<div class=\"wp-block-buttons is-content-justification-center is-layout-flex wp-container-core-buttons-is-layout-16018d1d wp-block-buttons-is-layout-flex\">\n<div class=\"wp-block-button is-style-outline is-style-outline--1\"><a class=\"wp-block-button__link has-text-color has-background has-link-color has-small-font-size has-custom-font-size wp-element-button\" href=\"https:\/\/www.etf.fr\/wp-content\/uploads\/2025\/03\/01-FEROWAY-Catalogue-Digital-20250310.pdf\" style=\"color:#004488;background-color:#00448730\" target=\"_blank\" rel=\"noreferrer noopener\"><strong>T\u00e9l\u00e9charger<\/strong><\/a><\/div>\n<\/div>\n\n\n\n<p class=\"has-text-align-center has-black-color has-text-color has-link-color wp-elements-31ef8a46bf82daa30dab4b6adf99fd54\"><\/p>\n<\/div>\n<\/div>\n\n\n\n<div style=\"height:40px\" aria-hidden=\"true\" class=\"wp-block-spacer\"><\/div>\n\n\n\n<div class=\"wp-block-columns is-layout-flex wp-container-core-columns-is-layout-9d6595d7 wp-block-columns-is-layout-flex\">\n<div class=\"wp-block-column is-layout-flow wp-block-column-is-layout-flow\" style=\"flex-basis:50%\">\n<p class=\"has-vivid-red-color has-text-color has-link-color has-medium-font-size wp-elements-cd56868a13ae341a1ebb41e2bfdaf1e1\"><strong>Formation SECUFER<\/strong><\/p>\n\n\n\n<p class=\"has-text-align-left\">ETF Academy vous propose la formation li\u00e9e au <strong>d\u00e9cret SECUFER N\u00b02017-694<i> <\/i><\/strong>relatif \u00e0 la <strong>protection des travailleurs<\/strong> intervenant sur les syst\u00e8mes de transport ferroviaire exploit\u00e9s.&nbsp;<strong>Son application <\/strong>est mise en place \u00e0 partir de <strong>1\u1d49\u02b3 octobre 2024<\/strong>.<\/p>\n\n\n\n<p class=\"has-text-align-left\">Le module SECUFER est d\u00e9ploy\u00e9 sur une <strong>journ\u00e9e th\u00e9orique et pratique<\/strong> <strong>(r\u00e9alit\u00e9 virtuelle et sur site)<\/strong>.&nbsp;<\/p>\n\n\n\n<div class=\"wp-block-buttons is-content-justification-center is-layout-flex wp-container-core-buttons-is-layout-16018d1d wp-block-buttons-is-layout-flex\">\n<div class=\"wp-block-button is-style-outline is-style-outline--2\"><a class=\"wp-block-button__link has-text-color has-background has-link-color has-small-font-size has-text-align-center has-custom-font-size wp-element-button\" href=\"https:\/\/www.etf.fr\/wp-content\/uploads\/2023\/07\/Programme-de-formation-SECUFER.pdf\" style=\"color:#004488;background-color:#0044872e\" target=\"_blank\" rel=\"noreferrer noopener\"><strong>T\u00e9l\u00e9charger le programme<\/strong><\/a><\/div>\n<\/div>\n<\/div>\n\n\n\n<div class=\"wp-block-column is-layout-flow wp-block-column-is-layout-flow\" style=\"flex-basis:50%\">\n<div style=\"height:32px\" aria-hidden=\"true\" class=\"wp-block-spacer\"><\/div>\n\n\n<div class=\"wp-block-image\">\n<figure class=\"aligncenter\"><img loading=\"lazy\" decoding=\"async\" width=\"1920\" height=\"669\" src=\"https:\/\/www.etf.fr\/wp-content\/uploads\/2023\/07\/Design-sans-titre-1.png\" alt=\"\" class=\"wp-image-102670\" srcset=\"https:\/\/www.etf.fr\/wp-content\/uploads\/2023\/07\/Design-sans-titre-1.png 1920w, https:\/\/www.etf.fr\/wp-content\/uploads\/2023\/07\/Design-sans-titre-1-250x87.png 250w, https:\/\/www.etf.fr\/wp-content\/uploads\/2023\/07\/Design-sans-titre-1-1535x535.png 1535w, https:\/\/www.etf.fr\/wp-content\/uploads\/2023\/07\/Design-sans-titre-1-800x279.png 800w, https:\/\/www.etf.fr\/wp-content\/uploads\/2023\/07\/Design-sans-titre-1-1536x535.png 1536w\" sizes=\"auto, (max-width: 1920px) 100vw, 1920px\" \/><\/figure>\n<\/div><\/div>\n<\/div>\n\n\n\n<div style=\"height:65px\" aria-hidden=\"true\" class=\"wp-block-spacer\"><\/div>\n\n\n\n<div class=\"wp-block-columns is-layout-flex wp-container-core-columns-is-layout-9d6595d7 wp-block-columns-is-layout-flex\">\n<div class=\"wp-block-column is-layout-flow wp-block-column-is-layout-flow\">\n<p class=\"has-text-align-center has-black-color has-text-color has-link-color wp-elements-e37fa011920190cf24db3c27859c7995\"><strong>CONSULTEZ NOTRE CERTIFICAT QUALIOPI<\/strong><\/p>\n\n\n<div class=\"wp-block-image\">\n<figure class=\"aligncenter size-full is-resized\"><img loading=\"lazy\" decoding=\"async\" width=\"842\" height=\"509\" src=\"https:\/\/www.etf.fr\/wp-content\/uploads\/2024\/07\/LOGO-QUALIOPI-ACTION-DE-FORMATIONS.png\" alt=\"\" class=\"wp-image-4981886\" style=\"width:248px;height:auto\" srcset=\"https:\/\/www.etf.fr\/wp-content\/uploads\/2024\/07\/LOGO-QUALIOPI-ACTION-DE-FORMATIONS.png 842w, https:\/\/www.etf.fr\/wp-content\/uploads\/2024\/07\/LOGO-QUALIOPI-ACTION-DE-FORMATIONS-250x151.png 250w, https:\/\/www.etf.fr\/wp-content\/uploads\/2024\/07\/LOGO-QUALIOPI-ACTION-DE-FORMATIONS-653x395.png 653w\" sizes=\"auto, (max-width: 842px) 100vw, 842px\" \/><\/figure>\n<\/div>\n\n\n<div class=\"wp-block-buttons is-content-justification-center is-layout-flex wp-container-core-buttons-is-layout-16018d1d wp-block-buttons-is-layout-flex\">\n<div class=\"wp-block-button is-style-outline is-style-outline--3\"><a class=\"wp-block-button__link has-text-color has-background has-link-color has-small-font-size has-custom-font-size wp-element-button\" href=\"https:\/\/www.etf.fr\/wp-content\/uploads\/2024\/10\/Certificat-Qualiopi-ETF-Academy-06.10.24.pdf\" style=\"color:#004488;background-color:#00448730\" target=\"_blank\" rel=\"noreferrer noopener\"><strong>T\u00e9l\u00e9charger<\/strong><\/a><\/div>\n<\/div>\n<\/div>\n\n\n\n<div class=\"wp-block-column is-layout-flow wp-block-column-is-layout-flow\">\n<p class=\"has-text-align-center has-black-color has-text-color has-link-color wp-elements-c85c14552f321dad0e7926186c739a63\"><strong>CONSULTEZ NOS TAUX DE SATISFACTION*<\/strong><\/p>\n\n\n\n<figure class=\"wp-block-image size-full is-resized\"><img loading=\"lazy\" decoding=\"async\" width=\"834\" height=\"454\" src=\"https:\/\/www.etf.fr\/wp-content\/uploads\/2023\/07\/Taux-de-Satisfaction-2025-ETF-Academy.png\" alt=\"\" class=\"wp-image-14723317\" style=\"width:356px;height:auto\" srcset=\"https:\/\/www.etf.fr\/wp-content\/uploads\/2023\/07\/Taux-de-Satisfaction-2025-ETF-Academy.png 834w, https:\/\/www.etf.fr\/wp-content\/uploads\/2023\/07\/Taux-de-Satisfaction-2025-ETF-Academy-250x136.png 250w, https:\/\/www.etf.fr\/wp-content\/uploads\/2023\/07\/Taux-de-Satisfaction-2025-ETF-Academy-275x150.png 275w, https:\/\/www.etf.fr\/wp-content\/uploads\/2023\/07\/Taux-de-Satisfaction-2025-ETF-Academy-726x395.png 726w\" sizes=\"auto, (max-width: 834px) 100vw, 834px\" \/><\/figure>\n\n\n\n<div style=\"height:5px\" aria-hidden=\"true\" class=\"wp-block-spacer\"><\/div>\n\n\n\n<div class=\"wp-block-buttons is-content-justification-center is-layout-flex wp-container-core-buttons-is-layout-16018d1d wp-block-buttons-is-layout-flex\">\n<div class=\"wp-block-button is-style-outline is-style-outline--4\"><a class=\"wp-block-button__link has-text-color has-background has-link-color has-small-font-size has-custom-font-size wp-element-button\" href=\"https:\/\/www.etf.fr\/wp-content\/uploads\/2026\/03\/Taux-de-Satisfaction-2025-ETF-Academy.pdf\" style=\"color:#004488;background-color:#00448730\" target=\"_blank\" rel=\"noreferrer noopener\"><strong>T\u00e9l\u00e9charger<\/strong><\/a><\/div>\n<\/div>\n\n\n\n<p class=\"has-text-align-right has-small-font-size\"><em>*Au regard des objectifs 2025<br><\/em><br><\/p>\n<\/div>\n<\/div>\n\n\n\n<div style=\"height:73px\" aria-hidden=\"true\" class=\"wp-block-spacer\"><\/div>\n","protected":false},"featured_media":95814,"template":"","class_list":["post-95810","agence","type-agence","status-publish","has-post-thumbnail","hentry","metier-tag-formation-sante-securite","metier-tag-formation-conduite-de-train-et-securite-ferroviaire","metier-tag-formation-gestion-management","metier-tag-formation-metier","bureau-tag-etf-academy"],"acf":[],"yoast_head":"<!-- This site is optimized with the Yoast SEO plugin v27.5 - https:\/\/yoast.com\/product\/yoast-seo-wordpress\/ -->\n<title>ETF Academy - ETF<\/title>\n<meta name=\"description\" content=\"ETF Academy s&#039;engage \u00e0 vous accompagner dans vos projets de formation internes en mati\u00e8re de m\u00e9tiers ferroviaires comme notre module SECUFER d\u00e9ploy\u00e9 sur une journ\u00e9e th\u00e9orique et pratique\u00a0 (r\u00e9alit\u00e9 virtuelle et sur site).\u00a0\" \/>\n<meta name=\"robots\" content=\"index, follow, max-snippet:-1, max-image-preview:large, max-video-preview:-1\" \/>\n<link rel=\"canonical\" href=\"https:\/\/www.etf.fr\/agence\/etf-academy\/\" \/>\n<meta property=\"og:locale\" content=\"en_US\" \/>\n<meta property=\"og:type\" content=\"article\" \/>\n<meta property=\"og:title\" content=\"ETF Academy - ETF\" \/>\n<meta property=\"og:description\" content=\"ETF Academy s&#039;engage \u00e0 vous accompagner dans vos projets de formation internes en mati\u00e8re de m\u00e9tiers ferroviaires comme notre module SECUFER d\u00e9ploy\u00e9 sur une journ\u00e9e th\u00e9orique et pratique\u00a0 (r\u00e9alit\u00e9 virtuelle et sur site).\u00a0\" \/>\n<meta property=\"og:url\" content=\"https:\/\/www.etf.fr\/agence\/etf-academy\/\" \/>\n<meta property=\"og:site_name\" content=\"ETF\" \/>\n<meta property=\"article:modified_time\" content=\"2026-03-19T08:31:46+00:00\" \/>\n<meta property=\"og:image\" content=\"https:\/\/www.etf.fr\/wp-content\/uploads\/2023\/07\/2018-ETF-Academy-59-scaled.jpg\" \/>\n\t<meta property=\"og:image:width\" content=\"2560\" \/>\n\t<meta property=\"og:image:height\" content=\"1922\" \/>\n\t<meta property=\"og:image:type\" content=\"image\/jpeg\" \/>\n<meta name=\"twitter:card\" content=\"summary_large_image\" \/>\n<meta name=\"twitter:label1\" content=\"Est. reading time\" \/>\n\t<meta name=\"twitter:data1\" content=\"3 minutes\" \/>\n<script type=\"application\/ld+json\" class=\"yoast-schema-graph\">{\"@context\":\"https:\\\/\\\/schema.org\",\"@graph\":[{\"@type\":\"WebPage\",\"@id\":\"https:\\\/\\\/www.etf.fr\\\/agence\\\/etf-academy\\\/\",\"url\":\"https:\\\/\\\/www.etf.fr\\\/agence\\\/etf-academy\\\/\",\"name\":\"ETF Academy - ETF\",\"isPartOf\":{\"@id\":\"https:\\\/\\\/www.etf.fr\\\/#website\"},\"primaryImageOfPage\":{\"@id\":\"https:\\\/\\\/www.etf.fr\\\/agence\\\/etf-academy\\\/#primaryimage\"},\"image\":{\"@id\":\"https:\\\/\\\/www.etf.fr\\\/agence\\\/etf-academy\\\/#primaryimage\"},\"thumbnailUrl\":\"https:\\\/\\\/www.etf.fr\\\/wp-content\\\/uploads\\\/2023\\\/07\\\/2018-ETF-Academy-59-scaled.jpg\",\"datePublished\":\"2023-07-26T14:30:15+00:00\",\"dateModified\":\"2026-03-19T08:31:46+00:00\",\"description\":\"ETF Academy s'engage \u00e0 vous accompagner dans vos projets de formation internes en mati\u00e8re de m\u00e9tiers ferroviaires comme notre module SECUFER d\u00e9ploy\u00e9 sur une journ\u00e9e th\u00e9orique et pratique\u00a0 (r\u00e9alit\u00e9 virtuelle et sur site).\u00a0\",\"breadcrumb\":{\"@id\":\"https:\\\/\\\/www.etf.fr\\\/agence\\\/etf-academy\\\/#breadcrumb\"},\"inLanguage\":\"en-US\",\"potentialAction\":[{\"@type\":\"ReadAction\",\"target\":[\"https:\\\/\\\/www.etf.fr\\\/agence\\\/etf-academy\\\/\"]}]},{\"@type\":\"ImageObject\",\"inLanguage\":\"en-US\",\"@id\":\"https:\\\/\\\/www.etf.fr\\\/agence\\\/etf-academy\\\/#primaryimage\",\"url\":\"https:\\\/\\\/www.etf.fr\\\/wp-content\\\/uploads\\\/2023\\\/07\\\/2018-ETF-Academy-59-scaled.jpg\",\"contentUrl\":\"https:\\\/\\\/www.etf.fr\\\/wp-content\\\/uploads\\\/2023\\\/07\\\/2018-ETF-Academy-59-scaled.jpg\",\"width\":2560,\"height\":1922},{\"@type\":\"BreadcrumbList\",\"@id\":\"https:\\\/\\\/www.etf.fr\\\/agence\\\/etf-academy\\\/#breadcrumb\",\"itemListElement\":[{\"@type\":\"ListItem\",\"position\":1,\"name\":\"Accueil\",\"item\":\"https:\\\/\\\/www.etf.fr\\\/en\\\/\"},{\"@type\":\"ListItem\",\"position\":2,\"name\":\"Agences\",\"item\":\"https:\\\/\\\/www.etf.fr\\\/agence\\\/\"},{\"@type\":\"ListItem\",\"position\":3,\"name\":\"ETF Academy\"}]},{\"@type\":\"WebSite\",\"@id\":\"https:\\\/\\\/www.etf.fr\\\/#website\",\"url\":\"https:\\\/\\\/www.etf.fr\\\/\",\"name\":\"ETF\",\"description\":\"Your transport partner worldwide\",\"publisher\":{\"@id\":\"https:\\\/\\\/www.etf.fr\\\/#organization\"},\"potentialAction\":[{\"@type\":\"SearchAction\",\"target\":{\"@type\":\"EntryPoint\",\"urlTemplate\":\"https:\\\/\\\/www.etf.fr\\\/?s={search_term_string}\"},\"query-input\":{\"@type\":\"PropertyValueSpecification\",\"valueRequired\":true,\"valueName\":\"search_term_string\"}}],\"inLanguage\":\"en-US\"},{\"@type\":\"Organization\",\"@id\":\"https:\\\/\\\/www.etf.fr\\\/#organization\",\"name\":\"ETF\",\"url\":\"https:\\\/\\\/www.etf.fr\\\/\",\"logo\":{\"@type\":\"ImageObject\",\"inLanguage\":\"en-US\",\"@id\":\"https:\\\/\\\/www.etf.fr\\\/#\\\/schema\\\/logo\\\/image\\\/\",\"url\":\"https:\\\/\\\/www.etf.fr\\\/wp-content\\\/uploads\\\/2019\\\/03\\\/logo-ETF.png\",\"contentUrl\":\"https:\\\/\\\/www.etf.fr\\\/wp-content\\\/uploads\\\/2019\\\/03\\\/logo-ETF.png\",\"width\":272,\"height\":161,\"caption\":\"ETF\"},\"image\":{\"@id\":\"https:\\\/\\\/www.etf.fr\\\/#\\\/schema\\\/logo\\\/image\\\/\"}}]}<\/script>\n<!-- \/ Yoast SEO plugin. -->","yoast_head_json":{"title":"ETF Academy - ETF","description":"ETF Academy s'engage \u00e0 vous accompagner dans vos projets de formation internes en mati\u00e8re de m\u00e9tiers ferroviaires comme notre module SECUFER d\u00e9ploy\u00e9 sur une journ\u00e9e th\u00e9orique et pratique\u00a0 (r\u00e9alit\u00e9 virtuelle et sur site).\u00a0","robots":{"index":"index","follow":"follow","max-snippet":"max-snippet:-1","max-image-preview":"max-image-preview:large","max-video-preview":"max-video-preview:-1"},"canonical":"https:\/\/www.etf.fr\/agence\/etf-academy\/","og_locale":"en_US","og_type":"article","og_title":"ETF Academy - ETF","og_description":"ETF Academy s'engage \u00e0 vous accompagner dans vos projets de formation internes en mati\u00e8re de m\u00e9tiers ferroviaires comme notre module SECUFER d\u00e9ploy\u00e9 sur une journ\u00e9e th\u00e9orique et pratique\u00a0 (r\u00e9alit\u00e9 virtuelle et sur site).\u00a0","og_url":"https:\/\/www.etf.fr\/agence\/etf-academy\/","og_site_name":"ETF","article_modified_time":"2026-03-19T08:31:46+00:00","og_image":[{"width":2560,"height":1922,"url":"https:\/\/www.etf.fr\/wp-content\/uploads\/2023\/07\/2018-ETF-Academy-59-scaled.jpg","type":"image\/jpeg"}],"twitter_card":"summary_large_image","twitter_misc":{"Est. reading time":"3 minutes"},"schema":{"@context":"https:\/\/schema.org","@graph":[{"@type":"WebPage","@id":"https:\/\/www.etf.fr\/agence\/etf-academy\/","url":"https:\/\/www.etf.fr\/agence\/etf-academy\/","name":"ETF Academy - ETF","isPartOf":{"@id":"https:\/\/www.etf.fr\/#website"},"primaryImageOfPage":{"@id":"https:\/\/www.etf.fr\/agence\/etf-academy\/#primaryimage"},"image":{"@id":"https:\/\/www.etf.fr\/agence\/etf-academy\/#primaryimage"},"thumbnailUrl":"https:\/\/www.etf.fr\/wp-content\/uploads\/2023\/07\/2018-ETF-Academy-59-scaled.jpg","datePublished":"2023-07-26T14:30:15+00:00","dateModified":"2026-03-19T08:31:46+00:00","description":"ETF Academy s'engage \u00e0 vous accompagner dans vos projets de formation internes en mati\u00e8re de m\u00e9tiers ferroviaires comme notre module SECUFER d\u00e9ploy\u00e9 sur une journ\u00e9e th\u00e9orique et pratique\u00a0 (r\u00e9alit\u00e9 virtuelle et sur site).\u00a0","breadcrumb":{"@id":"https:\/\/www.etf.fr\/agence\/etf-academy\/#breadcrumb"},"inLanguage":"en-US","potentialAction":[{"@type":"ReadAction","target":["https:\/\/www.etf.fr\/agence\/etf-academy\/"]}]},{"@type":"ImageObject","inLanguage":"en-US","@id":"https:\/\/www.etf.fr\/agence\/etf-academy\/#primaryimage","url":"https:\/\/www.etf.fr\/wp-content\/uploads\/2023\/07\/2018-ETF-Academy-59-scaled.jpg","contentUrl":"https:\/\/www.etf.fr\/wp-content\/uploads\/2023\/07\/2018-ETF-Academy-59-scaled.jpg","width":2560,"height":1922},{"@type":"BreadcrumbList","@id":"https:\/\/www.etf.fr\/agence\/etf-academy\/#breadcrumb","itemListElement":[{"@type":"ListItem","position":1,"name":"Accueil","item":"https:\/\/www.etf.fr\/en\/"},{"@type":"ListItem","position":2,"name":"Agences","item":"https:\/\/www.etf.fr\/agence\/"},{"@type":"ListItem","position":3,"name":"ETF Academy"}]},{"@type":"WebSite","@id":"https:\/\/www.etf.fr\/#website","url":"https:\/\/www.etf.fr\/","name":"ETF","description":"Your transport partner worldwide","publisher":{"@id":"https:\/\/www.etf.fr\/#organization"},"potentialAction":[{"@type":"SearchAction","target":{"@type":"EntryPoint","urlTemplate":"https:\/\/www.etf.fr\/?s={search_term_string}"},"query-input":{"@type":"PropertyValueSpecification","valueRequired":true,"valueName":"search_term_string"}}],"inLanguage":"en-US"},{"@type":"Organization","@id":"https:\/\/www.etf.fr\/#organization","name":"ETF","url":"https:\/\/www.etf.fr\/","logo":{"@type":"ImageObject","inLanguage":"en-US","@id":"https:\/\/www.etf.fr\/#\/schema\/logo\/image\/","url":"https:\/\/www.etf.fr\/wp-content\/uploads\/2019\/03\/logo-ETF.png","contentUrl":"https:\/\/www.etf.fr\/wp-content\/uploads\/2019\/03\/logo-ETF.png","width":272,"height":161,"caption":"ETF"},"image":{"@id":"https:\/\/www.etf.fr\/#\/schema\/logo\/image\/"}}]}},"_links":{"self":[{"href":"https:\/\/www.etf.fr\/en\/wp-json\/wp\/v2\/agence\/95810","targetHints":{"allow":["GET"]}}],"collection":[{"href":"https:\/\/www.etf.fr\/en\/wp-json\/wp\/v2\/agence"}],"about":[{"href":"https:\/\/www.etf.fr\/en\/wp-json\/wp\/v2\/types\/agence"}],"wp:featuredmedia":[{"embeddable":true,"href":"https:\/\/www.etf.fr\/en\/wp-json\/wp\/v2\/media\/95814"}],"wp:attachment":[{"href":"https:\/\/www.etf.fr\/en\/wp-json\/wp\/v2\/media?parent=95810"}],"curies":[{"name":"wp","href":"https:\/\/api.w.org\/{rel}","templated":true}]}}